{"version":"1.0","provider_name":"Noi di Qua Testata giornalistica e di attualit\u00e0 di Agliana, Montale e Quarrata.","provider_url":"https:\/\/www.noidiqua.it\/Montale","title":"Il punto sulla viabilit\u00e0 a Montale - Noi di Qua Testata giornalistica e di attualit\u00e0 di Agliana, Montale e Quarrata.","type":"rich","width":600,"height":338,"html":"<blockquote class=\"wp-embedded-content\" data-secret=\"TvwjAobnKg\"><a href=\"https:\/\/www.noidiqua.it\/Montale\/il-punto-sulla-viabilita-a-montale\/\">Il punto sulla viabilit\u00e0 a Montale<\/a><\/blockquote><iframe sandbox=\"allow-scripts\" security=\"restricted\" src=\"https:\/\/www.noidiqua.it\/Montale\/il-punto-sulla-viabilita-a-montale\/embed\/#?secret=TvwjAobnKg\" width=\"600\" height=\"338\" title=\"&#8220;Il punto sulla viabilit\u00e0 a Montale&#8221; &#8212; Noi di Qua Testata giornalistica e di attualit\u00e0 di Agliana, Montale e Quarrata.\" data-secret=\"TvwjAobnKg\" frameborder=\"0\" marginwidth=\"0\" marginheight=\"0\" scrolling=\"no\" class=\"wp-embedded-content\"><\/iframe><script type=\"text\/javascript\">\n\/* <![CDATA[ *\/\n\/*! This file is auto-generated *\/\n!function(d,l){\"use strict\";l.querySelector&&d.addEventListener&&\"undefined\"!=typeof URL&&(d.wp=d.wp||{},d.wp.receiveEmbedMessage||(d.wp.receiveEmbedMessage=function(e){var t=e.data;if((t||t.secret||t.message||t.value)&&!\/[^a-zA-Z0-9]\/.test(t.secret)){for(var s,r,n,a=l.querySelectorAll('iframe[data-secret=\"'+t.secret+'\"]'),o=l.querySelectorAll('blockquote[data-secret=\"'+t.secret+'\"]'),c=new RegExp(\"^https?:$\",\"i\"),i=0;i<o.length;i++)o[i].style.display=\"none\";for(i=0;i<a.length;i++)s=a[i],e.source===s.contentWindow&&(s.removeAttribute(\"style\"),\"height\"===t.message?(1e3<(r=parseInt(t.value,10))?r=1e3:~~r<200&&(r=200),s.height=r):\"link\"===t.message&&(r=new URL(s.getAttribute(\"src\")),n=new URL(t.value),c.test(n.protocol))&&n.host===r.host&&l.activeElement===s&&(d.top.location.href=t.value))}},d.addEventListener(\"message\",d.wp.receiveEmbedMessage,!1),l.addEventListener(\"DOMContentLoaded\",function(){for(var e,t,s=l.querySelectorAll(\"iframe.wp-embedded-content\"),r=0;r<s.length;r++)(t=(e=s[r]).getAttribute(\"data-secret\"))||(t=Math.random().toString(36).substring(2,12),e.src+=\"#?secret=\"+t,e.setAttribute(\"data-secret\",t)),e.contentWindow.postMessage({message:\"ready\",secret:t},\"*\")},!1)))}(window,document);\n\/* ]]> *\/\n<\/script>\n","description":"di Giacomo Bini\u00a0 Foto Gabriele Bellini dicembre 2012 La mancanza di un collegamento stradale con l\u2019autostrada \u00e8 il principale problema di viabilit\u00e0 di Montale. Ed \u00e8 anche il pi\u00f9 antico, se si pensa che fu al centro di un convegno alla casa del popolo gi\u00e0 nel lontano 1984. In questi ventotto anni si \u00e8 [&hellip;]","thumbnail_url":"https:\/\/www.noidiqua.it\/Montale\/wp-content\/uploads\/2019\/03\/logo-sito.jpg"}