{"id":3046,"date":"2014-08-27T10:07:17","date_gmt":"2014-08-27T08:07:17","guid":{"rendered":"https:\/\/www.noidiqua.it\/Montale\/?page_id=3046"},"modified":"2014-08-27T10:08:01","modified_gmt":"2014-08-27T08:08:01","slug":"lo-sport-di-qua","status":"publish","type":"page","link":"https:\/\/www.noidiqua.it\/Montale\/montale-2\/lo-sport-di-qua\/","title":{"rendered":"Lo sport di qua"},"content":{"rendered":"<div class=\"widget widget_latest_posts\"><h3 class=\"widgettitle\">Lo sport di qua<\/h3>\t\t    <div class=\"latest_posts\">\n\t\t\t<ul class=\"small-thumb\">\n\t\t\t\t<li>\n<div class=\"small-custom-frame-wrapper alignleft frame-shadow\"><div class=\"custom-frame-inner-wrapper\"><div class=\"custom-frame-padding\"><a href=\"https:\/\/www.noidiqua.it\/Montale\/c-s-b-tobbiana-campioni-regionali-2024-2025\/\" title=\"C.S.B. TOBBIANA &#8211; campioni regionali 2024\/2025\"><img loading=\"lazy\" decoding=\"async\" src=\"https:\/\/www.noidiqua.it\/Montale\/wp-content\/uploads\/2026\/04\/CBS-Tobbiana-2-160x120_c.png\" width=\"160\" height=\"120\" alt=\"C.S.B. TOBBIANA - campioni regionali 2024\/2025\" \/><\/a><\/div><\/div><\/div>\t\t\t\t    <a class=\"teaser-title\" title=\"C.S.B. TOBBIANA &#8211; campioni regionali 2024\/2025\" href=\"https:\/\/www.noidiqua.it\/Montale\/c-s-b-tobbiana-campioni-regionali-2024-2025\/\">C.S.B. TOBBIANA &#8211; campioni regionali 2024\/2025<\/a>\n\t\t\t\t    <div class=\"teaser-content\">di Marco Bagnoli marzo 2026 Inerpicata lungo la salita di Tobbiana, si trova la Fratellanza Lavoratori Tobbianesi. Di questa importante realt\u00e0 del territorio abbiamo gi\u00e0 dato conto nel numero del giugno del 2020. Saprete gi\u00e0 come nei suoi locali si trova un\u2019altra importante rappresentanza della gente di qua, il Comitato Sportivo Biliardo Tobbiana. Del...<\/div>\n                                            <a title=\"C.S.B. TOBBIANA &#8211; campioni regionali 2024\/2025\" href=\"https:\/\/www.noidiqua.it\/Montale\/c-s-b-tobbiana-campioni-regionali-2024-2025\/\" class=\"read-more-align-right\"><span>Leggi tutto<\/span> &rarr;<\/a>\n\t\t\t\t    <div class=\"clear\"><\/div>\n\t\t\t\t<\/li>\n\t\t\t\t<li>\n<div class=\"small-custom-frame-wrapper alignleft frame-shadow\"><div class=\"custom-frame-inner-wrapper\"><div class=\"custom-frame-padding\"><a href=\"https:\/\/www.noidiqua.it\/Montale\/francesco-e-sara-dalla-passione-per-i-cavalli-ai-mondiali-di-spagna\/\" title=\"Francesco e Sara &#8211; dalla passione per i cavalli ai Mondiali di Spagna\"><img loading=\"lazy\" decoding=\"async\" src=\"https:\/\/www.noidiqua.it\/Montale\/wp-content\/uploads\/2025\/12\/Francesco-e-Sara-1-160x120_c.png\" width=\"160\" height=\"120\" alt=\"Francesco e Sara - dalla passione per i cavalli ai Mondiali di Spagna\" \/><\/a><\/div><\/div><\/div>\t\t\t\t    <a class=\"teaser-title\" title=\"Francesco e Sara &#8211; dalla passione per i cavalli ai Mondiali di Spagna\" href=\"https:\/\/www.noidiqua.it\/Montale\/francesco-e-sara-dalla-passione-per-i-cavalli-ai-mondiali-di-spagna\/\">Francesco e Sara &#8211; dalla passione per i cavalli ai Mondiali di Spagna<\/a>\n\t\t\t\t    <div class=\"teaser-content\">di Marco Bagnoli dicembre 2025 Lo scorso venti settembre, Francesco Zanzotto Mirone si \u00e8 qualificato ai prossimi Mondiali di Working Equitation, che si terranno in Spagna nel 2026. Dietro questa notizia c\u2019\u00e8 molto molto altro, e noi ce lo siamo fatti raccontare da lui in persona, e dalla sua compagna, Sara Lemmetti, che avevamo...<\/div>\n                                            <a title=\"Francesco e Sara &#8211; dalla passione per i cavalli ai Mondiali di Spagna\" href=\"https:\/\/www.noidiqua.it\/Montale\/francesco-e-sara-dalla-passione-per-i-cavalli-ai-mondiali-di-spagna\/\" class=\"read-more-align-right\"><span>Leggi tutto<\/span> &rarr;<\/a>\n\t\t\t\t    <div class=\"clear\"><\/div>\n\t\t\t\t<\/li>\n\t\t\t\t<li>\n<div class=\"small-custom-frame-wrapper alignleft frame-shadow\"><div class=\"custom-frame-inner-wrapper\"><div class=\"custom-frame-padding\"><a href=\"https:\/\/www.noidiqua.it\/Montale\/chiara-e-gabriele-i-due-fidanzati-super-podisti\/\" title=\"Chiara e Gabriele \u2013 i due fidanzati super podisti\"><img loading=\"lazy\" decoding=\"async\" src=\"https:\/\/www.noidiqua.it\/Montale\/wp-content\/uploads\/2025\/12\/Chiara-e-Gabriele-1-160x120_c.png\" width=\"160\" height=\"120\" alt=\"Chiara e Gabriele \u2013 i due fidanzati super podisti\" \/><\/a><\/div><\/div><\/div>\t\t\t\t    <a class=\"teaser-title\" title=\"Chiara e Gabriele \u2013 i due fidanzati super podisti\" href=\"https:\/\/www.noidiqua.it\/Montale\/chiara-e-gabriele-i-due-fidanzati-super-podisti\/\">Chiara e Gabriele \u2013 i due fidanzati super podisti<\/a>\n\t\t\t\t    <div class=\"teaser-content\">di Giacomo Bini dicembre 2025 Fidanzati\u00a0e\u00a0podisti, appassionati di corse in montagna ma di quelle lunghe e difficili,\u00a0Chiara Innocenti\u00a0e\u00a0Gabriele Pierozzi, lei montalese e lui aglianese, hanno compiuto insieme una impresa che ha qualcosa di epico tagliando il traguardo del\u00a0Tor de G\u00e9ants, una gara di\u00a0enduro trail running\u00a0fatta solo per chi ha gambe e cuore forti. Si...<\/div>\n                                            <a title=\"Chiara e Gabriele \u2013 i due fidanzati super podisti\" href=\"https:\/\/www.noidiqua.it\/Montale\/chiara-e-gabriele-i-due-fidanzati-super-podisti\/\" class=\"read-more-align-right\"><span>Leggi tutto<\/span> &rarr;<\/a>\n\t\t\t\t    <div class=\"clear\"><\/div>\n\t\t\t\t<\/li>\n\t\t\t\t<li>\n<div class=\"small-custom-frame-wrapper alignleft frame-shadow\"><div class=\"custom-frame-inner-wrapper\"><div class=\"custom-frame-padding\"><a href=\"https:\/\/www.noidiqua.it\/Montale\/nuovi-successi-per-lolimpia-montale\/\" title=\"Nuovi successi per l&#8217;Olimpia Montale\"><img loading=\"lazy\" decoding=\"async\" src=\"https:\/\/www.noidiqua.it\/Montale\/wp-content\/uploads\/2025\/07\/centro-ginnico-olimpia-2-160x120_c.png\" width=\"160\" height=\"120\" alt=\"Nuovi successi per l&#039;Olimpia Montale\" \/><\/a><\/div><\/div><\/div>\t\t\t\t    <a class=\"teaser-title\" title=\"Nuovi successi per l&#8217;Olimpia Montale\" href=\"https:\/\/www.noidiqua.it\/Montale\/nuovi-successi-per-lolimpia-montale\/\">Nuovi successi per l&#8217;Olimpia Montale<\/a>\n\t\t\t\t    <div class=\"teaser-content\">di Giacomo Bini giugno 2025 Le ginnaste e i ginnasti del Centro Olimpia di Montale hanno ottenuto recentemente successi rilevanti, sia individuali che di squadra, a livello nazionale e regionale, ma quello che conta agli occhi dei dirigenti e dello staff tecnico dell\u2019associazione, pi\u00f9 ancora delle vittorie pur prestigiose, \u00e8 la forza e la...<\/div>\n                                            <a title=\"Nuovi successi per l&#8217;Olimpia Montale\" href=\"https:\/\/www.noidiqua.it\/Montale\/nuovi-successi-per-lolimpia-montale\/\" class=\"read-more-align-right\"><span>Leggi tutto<\/span> &rarr;<\/a>\n\t\t\t\t    <div class=\"clear\"><\/div>\n\t\t\t\t<\/li>\n\t\t\t\t<li>\n<div class=\"small-custom-frame-wrapper alignleft frame-shadow\"><div class=\"custom-frame-inner-wrapper\"><div class=\"custom-frame-padding\"><a href=\"https:\/\/www.noidiqua.it\/Montale\/david-fiesoli-campione-di-podismo-premiato-a-livello-nazionale\/\" title=\"David Fiesoli &#8211; campione di podismo premiato a livello nazionale\"><img loading=\"lazy\" decoding=\"async\" src=\"https:\/\/www.noidiqua.it\/Montale\/wp-content\/uploads\/2024\/10\/fiesoli-2-160x120_c.png\" width=\"160\" height=\"120\" alt=\"David Fiesoli - campione di podismo premiato a livello nazionale\" \/><\/a><\/div><\/div><\/div>\t\t\t\t    <a class=\"teaser-title\" title=\"David Fiesoli &#8211; campione di podismo premiato a livello nazionale\" href=\"https:\/\/www.noidiqua.it\/Montale\/david-fiesoli-campione-di-podismo-premiato-a-livello-nazionale\/\">David Fiesoli &#8211; campione di podismo premiato a livello nazionale<\/a>\n\t\t\t\t    <div class=\"teaser-content\">di Giacomo Bini. Foto: Gabriele Bellini settembre 2024 Che David Fiesoli fosse un podista di livello assoluto, capace di ottenere risultati di rilievo nazionale, si sapeva da tempo ma in questa calda estate \u00e8 arrivata per l\u2019atleta dell\u2019Aurora Montale la ciliegina sulla torta di una bellissima carriera, un titolo italiano di corsa in salita...<\/div>\n                                            <a title=\"David Fiesoli &#8211; campione di podismo premiato a livello nazionale\" href=\"https:\/\/www.noidiqua.it\/Montale\/david-fiesoli-campione-di-podismo-premiato-a-livello-nazionale\/\" class=\"read-more-align-right\"><span>Leggi tutto<\/span> &rarr;<\/a>\n\t\t\t\t    <div class=\"clear\"><\/div>\n\t\t\t\t<\/li>\n\t\t\t\t<li>\n<div class=\"small-custom-frame-wrapper alignleft frame-shadow\"><div class=\"custom-frame-inner-wrapper\"><div class=\"custom-frame-padding\"><a href=\"https:\/\/www.noidiqua.it\/Montale\/i-giovani-campioni-del-karate-montalese\/\" title=\"I giovani campioni del Karate montalese\"><img loading=\"lazy\" decoding=\"async\" src=\"https:\/\/www.noidiqua.it\/Montale\/wp-content\/uploads\/2023\/04\/karate-2-160x120_c.png\" width=\"160\" height=\"120\" alt=\"I giovani campioni del Karate montalese\" \/><\/a><\/div><\/div><\/div>\t\t\t\t    <a class=\"teaser-title\" title=\"I giovani campioni del Karate montalese\" href=\"https:\/\/www.noidiqua.it\/Montale\/i-giovani-campioni-del-karate-montalese\/\">I giovani campioni del Karate montalese<\/a>\n\t\t\t\t    <div class=\"teaser-content\">di Marco Bagnoli. Foto: Gabriele Bellini marzo 2023 In questo primo numero del 2023 siamo tornati in palestra \u2013 in una di fiducia, per la precisione. Si tratta di quella comunale di Montale, e ad attenderci nel parcheggio ecco una nostra vecchia conoscenza, Juri Villani, del Centro arti marziali. Il Maestro Juri Villani \u00e8...<\/div>\n                                            <a title=\"I giovani campioni del Karate montalese\" href=\"https:\/\/www.noidiqua.it\/Montale\/i-giovani-campioni-del-karate-montalese\/\" class=\"read-more-align-right\"><span>Leggi tutto<\/span> &rarr;<\/a>\n\t\t\t\t    <div class=\"clear\"><\/div>\n\t\t\t\t<\/li>\n\t\t\t\t<li>\n<div class=\"small-custom-frame-wrapper alignleft frame-shadow\"><div class=\"custom-frame-inner-wrapper\"><div class=\"custom-frame-padding\"><a href=\"https:\/\/www.noidiqua.it\/Montale\/simone-perugi-il-calcio-di-padre-in-figlio\/\" title=\"Simone Perugi \u2013 il calcio di padre in figlio\"><img loading=\"lazy\" decoding=\"async\" src=\"https:\/\/www.noidiqua.it\/Montale\/wp-content\/uploads\/2022\/12\/perugi-simone-160x120_c.png\" width=\"160\" height=\"120\" alt=\"Simone Perugi \u2013 il calcio di padre in figlio\" \/><\/a><\/div><\/div><\/div>\t\t\t\t    <a class=\"teaser-title\" title=\"Simone Perugi \u2013 il calcio di padre in figlio\" href=\"https:\/\/www.noidiqua.it\/Montale\/simone-perugi-il-calcio-di-padre-in-figlio\/\">Simone Perugi \u2013 il calcio di padre in figlio<\/a>\n\t\t\t\t    <div class=\"teaser-content\">di Giacomo Bini dicembre 2022 Stessa maglia, quella neroverde dell\u2019Aglianese, e, pi\u00f9 o meno, stesso ruolo, quello di esterno basso con licenza di avanzare e di concludere a rete.\u00a0Simone Perugi, da quest\u2019anno giocatore in forza all\u2019Aglianese in serie D, sta calcando lo stesso campo di suo padre Paolo, l\u2019indimenticato giocatore di Pistoiese, Fiorentina, Reggiana...<\/div>\n                                            <a title=\"Simone Perugi \u2013 il calcio di padre in figlio\" href=\"https:\/\/www.noidiqua.it\/Montale\/simone-perugi-il-calcio-di-padre-in-figlio\/\" class=\"read-more-align-right\"><span>Leggi tutto<\/span> &rarr;<\/a>\n\t\t\t\t    <div class=\"clear\"><\/div>\n\t\t\t\t<\/li>\n\t\t\t\t<li>\n<div class=\"small-custom-frame-wrapper alignleft frame-shadow\"><div class=\"custom-frame-inner-wrapper\"><div class=\"custom-frame-padding\"><a href=\"https:\/\/www.noidiqua.it\/Montale\/virtus-montale\/\" title=\"Virtus Montale\"><img loading=\"lazy\" decoding=\"async\" src=\"https:\/\/www.noidiqua.it\/Montale\/wp-content\/uploads\/2022\/10\/virtus-montale-2-160x120_c.png\" width=\"160\" height=\"120\" alt=\"Virtus Montale\" \/><\/a><\/div><\/div><\/div>\t\t\t\t    <a class=\"teaser-title\" title=\"Virtus Montale\" href=\"https:\/\/www.noidiqua.it\/Montale\/virtus-montale\/\">Virtus Montale<\/a>\n\t\t\t\t    <div class=\"teaser-content\">di Giacomo Bini settembre 2022 E&#8217; nata in un clima di grande entusiasmo e partecipazione la Virtus Montale, una nuova societ\u00e0 sportiva, che \u00e8 qualcosa di pi\u00f9 di un club calcistico, perch\u00e9 aspira a creare un luogo di aggregazione per tutti i montalesi al campo sportivo parrocchiale Paolo Perugi e un oratorio per i...<\/div>\n                                            <a title=\"Virtus Montale\" href=\"https:\/\/www.noidiqua.it\/Montale\/virtus-montale\/\" class=\"read-more-align-right\"><span>Leggi tutto<\/span> &rarr;<\/a>\n\t\t\t\t    <div class=\"clear\"><\/div>\n\t\t\t\t<\/li>\n\t\t\t\t<li>\n<div class=\"small-custom-frame-wrapper alignleft frame-shadow\"><div class=\"custom-frame-inner-wrapper\"><div class=\"custom-frame-padding\"><a href=\"https:\/\/www.noidiqua.it\/Montale\/baskin-pistoia-lo-sport-come-opportunita-per-tutti\/\" title=\"Baskin Pistoia &#8211; lo sport come opportunit\u00e0 per tutti\"><img loading=\"lazy\" decoding=\"async\" src=\"https:\/\/www.noidiqua.it\/Montale\/wp-content\/uploads\/2022\/10\/baskin-3-160x120_c.png\" width=\"160\" height=\"120\" alt=\"Baskin Pistoia - lo sport come opportunit\u00e0 per tutti\" \/><\/a><\/div><\/div><\/div>\t\t\t\t    <a class=\"teaser-title\" title=\"Baskin Pistoia &#8211; lo sport come opportunit\u00e0 per tutti\" href=\"https:\/\/www.noidiqua.it\/Montale\/baskin-pistoia-lo-sport-come-opportunita-per-tutti\/\">Baskin Pistoia &#8211; lo sport come opportunit\u00e0 per tutti<\/a>\n\t\t\t\t    <div class=\"teaser-content\">di Giacomo Bini. Foto: Gabriele Bellini. settembre 2022 Il \u201cBaskin Pistoia\u201d, che ha sede a Montale, \u00e8 una realt\u00e0 sportiva di livello nazionale che merita di essere conosciuta e sostenuta da tutta la comunit\u00e0. Il Baskin \u00e8 un basket inclusivo, giocato insieme da disabili e normodotati. E&#8217; una disciplina sportiva agonistica e competitiva che...<\/div>\n                                            <a title=\"Baskin Pistoia &#8211; lo sport come opportunit\u00e0 per tutti\" href=\"https:\/\/www.noidiqua.it\/Montale\/baskin-pistoia-lo-sport-come-opportunita-per-tutti\/\" class=\"read-more-align-right\"><span>Leggi tutto<\/span> &rarr;<\/a>\n\t\t\t\t    <div class=\"clear\"><\/div>\n\t\t\t\t<\/li>\n\t\t\t\t<li>\n<div class=\"small-custom-frame-wrapper alignleft frame-shadow\"><div class=\"custom-frame-inner-wrapper\"><div class=\"custom-frame-padding\"><a href=\"https:\/\/www.noidiqua.it\/Montale\/nuovo-campo-di-padel-alla-tennistica-montalese\/\" title=\"Nuovo campo di padel alla Tennistica Montalese\"><img loading=\"lazy\" decoding=\"async\" src=\"https:\/\/www.noidiqua.it\/Montale\/wp-content\/uploads\/2022\/04\/padel-foto-1-160x120_c.png\" width=\"160\" height=\"120\" alt=\"Nuovo campo di padel alla Tennistica Montalese\" \/><\/a><\/div><\/div><\/div>\t\t\t\t    <a class=\"teaser-title\" title=\"Nuovo campo di padel alla Tennistica Montalese\" href=\"https:\/\/www.noidiqua.it\/Montale\/nuovo-campo-di-padel-alla-tennistica-montalese\/\">Nuovo campo di padel alla Tennistica Montalese<\/a>\n\t\t\t\t    <div class=\"teaser-content\">di Serena Michelozzi marzo 2022 L\u2019associazione Tennistica Montalese nasce nel 1983 al centro dell\u2019area sportiva del Comune di Montale, in una zona tranquilla nei pressi del centro del paese. L\u2019impianto, dotato inizialmente di due campi da tennis in tartan illuminati, spogliatoi, segreteria e un\u2019area polifunzionale in cemento all\u2019aperto, \u00e8 stato successivamente ampliato nel 1997,...<\/div>\n                                            <a title=\"Nuovo campo di padel alla Tennistica Montalese\" href=\"https:\/\/www.noidiqua.it\/Montale\/nuovo-campo-di-padel-alla-tennistica-montalese\/\" class=\"read-more-align-right\"><span>Leggi tutto<\/span> &rarr;<\/a>\n\t\t\t\t    <div class=\"clear\"><\/div>\n\t\t\t\t<\/li>\n\t\t\t<\/ul>\n\t\t    <\/div><!-- end widget_recent_posts -->\n<\/div>\n<a class=\"flat-custom-button align-btn-left\" href=\"https:\/\/www.noidiqua.it\/Montale\/category\/mt\/lo-sport-di-qua\/\" title=\"Mostra tutti gli articoli di questa sezione\"><span style=\"padding:10px 20px; background-color:#ed162d; border:1px solid #ed162d; color:#FFFFFF; font-size:14px;\">Mostra tutti gli articoli precedenti<\/span><\/a>","protected":false},"excerpt":{"rendered":"","protected":false},"author":1,"featured_media":0,"parent":12,"menu_order":0,"comment_status":"open","ping_status":"closed","template":"","meta":{"footnotes":""},"class_list":["post-3046","page","type-page","status-publish","hentry"],"yoast_head":"<!-- This site is optimized with the Yoast SEO plugin v25.5 - https:\/\/yoast.com\/wordpress\/plugins\/seo\/ -->\n<title>Lo sport di qua - Noi di Qua Testata giornalistica e di attualit\u00e0 di Agliana, Montale e Quarrata.<\/title>\n<meta name=\"robots\" content=\"index, follow, max-snippet:-1, max-image-preview:large, max-video-preview:-1\" \/>\n<link rel=\"canonical\" href=\"https:\/\/www.noidiqua.it\/Montale\/montale-2\/lo-sport-di-qua\/\" \/>\n<meta property=\"og:locale\" content=\"it_IT\" \/>\n<meta property=\"og:type\" content=\"article\" \/>\n<meta property=\"og:title\" content=\"Lo sport di qua - Noi di Qua Testata giornalistica e di attualit\u00e0 di Agliana, Montale e Quarrata.\" \/>\n<meta property=\"og:url\" content=\"https:\/\/www.noidiqua.it\/Montale\/montale-2\/lo-sport-di-qua\/\" \/>\n<meta property=\"og:site_name\" content=\"Noi di Qua Testata giornalistica e di attualit\u00e0 di Agliana, Montale e Quarrata.\" \/>\n<meta property=\"article:publisher\" content=\"https:\/\/www.facebook.com\/noidiqua.trimestrale\/\" \/>\n<meta property=\"article:modified_time\" content=\"2014-08-27T08:08:01+00:00\" \/>\n<meta property=\"og:image\" content=\"https:\/\/www.noidiqua.it\/Montale\/wp-content\/uploads\/2019\/03\/logo-sito.jpg\" \/>\n<script type=\"application\/ld+json\" class=\"yoast-schema-graph\">{\"@context\":\"https:\/\/schema.org\",\"@graph\":[{\"@type\":\"WebPage\",\"@id\":\"https:\/\/www.noidiqua.it\/Montale\/montale-2\/lo-sport-di-qua\/\",\"url\":\"https:\/\/www.noidiqua.it\/Montale\/montale-2\/lo-sport-di-qua\/\",\"name\":\"Lo sport di qua - Noi di Qua Testata giornalistica e di attualit\u00e0 di Agliana, Montale e Quarrata.\",\"isPartOf\":{\"@id\":\"https:\/\/www.noidiqua.it\/Montale\/#website\"},\"datePublished\":\"2014-08-27T08:07:17+00:00\",\"dateModified\":\"2014-08-27T08:08:01+00:00\",\"breadcrumb\":{\"@id\":\"https:\/\/www.noidiqua.it\/Montale\/montale-2\/lo-sport-di-qua\/#breadcrumb\"},\"inLanguage\":\"it-IT\",\"potentialAction\":[{\"@type\":\"ReadAction\",\"target\":[\"https:\/\/www.noidiqua.it\/Montale\/montale-2\/lo-sport-di-qua\/\"]}]},{\"@type\":\"BreadcrumbList\",\"@id\":\"https:\/\/www.noidiqua.it\/Montale\/montale-2\/lo-sport-di-qua\/#breadcrumb\",\"itemListElement\":[{\"@type\":\"ListItem\",\"position\":1,\"name\":\"Home\",\"item\":\"https:\/\/www.noidiqua.it\/Montale\/\"},{\"@type\":\"ListItem\",\"position\":2,\"name\":\"Montale\",\"item\":\"https:\/\/www.noidiqua.it\/Montale\/montale-2\/\"},{\"@type\":\"ListItem\",\"position\":3,\"name\":\"Lo sport di qua\"}]},{\"@type\":\"WebSite\",\"@id\":\"https:\/\/www.noidiqua.it\/Montale\/#website\",\"url\":\"https:\/\/www.noidiqua.it\/Montale\/\",\"name\":\"Noi di Qua Testata giornalistica e di attualit\u00e0 di Agliana, Montale e Quarrata.\",\"description\":\"Testata Giornalistica Quarrata Montale Agliana\",\"potentialAction\":[{\"@type\":\"SearchAction\",\"target\":{\"@type\":\"EntryPoint\",\"urlTemplate\":\"https:\/\/www.noidiqua.it\/Montale\/?s={search_term_string}\"},\"query-input\":{\"@type\":\"PropertyValueSpecification\",\"valueRequired\":true,\"valueName\":\"search_term_string\"}}],\"inLanguage\":\"it-IT\"}]}<\/script>\n<!-- \/ Yoast SEO plugin. -->","yoast_head_json":{"title":"Lo sport di qua - Noi di Qua Testata giornalistica e di attualit\u00e0 di Agliana, Montale e Quarrata.","robots":{"index":"index","follow":"follow","max-snippet":"max-snippet:-1","max-image-preview":"max-image-preview:large","max-video-preview":"max-video-preview:-1"},"canonical":"https:\/\/www.noidiqua.it\/Montale\/montale-2\/lo-sport-di-qua\/","og_locale":"it_IT","og_type":"article","og_title":"Lo sport di qua - Noi di Qua Testata giornalistica e di attualit\u00e0 di Agliana, Montale e Quarrata.","og_url":"https:\/\/www.noidiqua.it\/Montale\/montale-2\/lo-sport-di-qua\/","og_site_name":"Noi di Qua Testata giornalistica e di attualit\u00e0 di Agliana, Montale e Quarrata.","article_publisher":"https:\/\/www.facebook.com\/noidiqua.trimestrale\/","article_modified_time":"2014-08-27T08:08:01+00:00","og_image":[{"url":"https:\/\/www.noidiqua.it\/Montale\/wp-content\/uploads\/2019\/03\/logo-sito.jpg","type":"","width":"","height":""}],"schema":{"@context":"https:\/\/schema.org","@graph":[{"@type":"WebPage","@id":"https:\/\/www.noidiqua.it\/Montale\/montale-2\/lo-sport-di-qua\/","url":"https:\/\/www.noidiqua.it\/Montale\/montale-2\/lo-sport-di-qua\/","name":"Lo sport di qua - Noi di Qua Testata giornalistica e di attualit\u00e0 di Agliana, Montale e Quarrata.","isPartOf":{"@id":"https:\/\/www.noidiqua.it\/Montale\/#website"},"datePublished":"2014-08-27T08:07:17+00:00","dateModified":"2014-08-27T08:08:01+00:00","breadcrumb":{"@id":"https:\/\/www.noidiqua.it\/Montale\/montale-2\/lo-sport-di-qua\/#breadcrumb"},"inLanguage":"it-IT","potentialAction":[{"@type":"ReadAction","target":["https:\/\/www.noidiqua.it\/Montale\/montale-2\/lo-sport-di-qua\/"]}]},{"@type":"BreadcrumbList","@id":"https:\/\/www.noidiqua.it\/Montale\/montale-2\/lo-sport-di-qua\/#breadcrumb","itemListElement":[{"@type":"ListItem","position":1,"name":"Home","item":"https:\/\/www.noidiqua.it\/Montale\/"},{"@type":"ListItem","position":2,"name":"Montale","item":"https:\/\/www.noidiqua.it\/Montale\/montale-2\/"},{"@type":"ListItem","position":3,"name":"Lo sport di qua"}]},{"@type":"WebSite","@id":"https:\/\/www.noidiqua.it\/Montale\/#website","url":"https:\/\/www.noidiqua.it\/Montale\/","name":"Noi di Qua Testata giornalistica e di attualit\u00e0 di Agliana, Montale e Quarrata.","description":"Testata Giornalistica Quarrata Montale Agliana","potentialAction":[{"@type":"SearchAction","target":{"@type":"EntryPoint","urlTemplate":"https:\/\/www.noidiqua.it\/Montale\/?s={search_term_string}"},"query-input":{"@type":"PropertyValueSpecification","valueRequired":true,"valueName":"search_term_string"}}],"inLanguage":"it-IT"}]}},"_links":{"self":[{"href":"https:\/\/www.noidiqua.it\/Montale\/wp-json\/wp\/v2\/pages\/3046","targetHints":{"allow":["GET"]}}],"collection":[{"href":"https:\/\/www.noidiqua.it\/Montale\/wp-json\/wp\/v2\/pages"}],"about":[{"href":"https:\/\/www.noidiqua.it\/Montale\/wp-json\/wp\/v2\/types\/page"}],"author":[{"embeddable":true,"href":"https:\/\/www.noidiqua.it\/Montale\/wp-json\/wp\/v2\/users\/1"}],"replies":[{"embeddable":true,"href":"https:\/\/www.noidiqua.it\/Montale\/wp-json\/wp\/v2\/comments?post=3046"}],"version-history":[{"count":1,"href":"https:\/\/www.noidiqua.it\/Montale\/wp-json\/wp\/v2\/pages\/3046\/revisions"}],"predecessor-version":[{"id":3048,"href":"https:\/\/www.noidiqua.it\/Montale\/wp-json\/wp\/v2\/pages\/3046\/revisions\/3048"}],"up":[{"embeddable":true,"href":"https:\/\/www.noidiqua.it\/Montale\/wp-json\/wp\/v2\/pages\/12"}],"wp:attachment":[{"href":"https:\/\/www.noidiqua.it\/Montale\/wp-json\/wp\/v2\/media?parent=3046"}],"curies":[{"name":"wp","href":"https:\/\/api.w.org\/{rel}","templated":true}]}}