{"id":5091,"date":"2018-07-18T12:58:13","date_gmt":"2018-07-18T10:58:13","guid":{"rendered":"https:\/\/www.noidiqua.it\/Montale\/?page_id=5091"},"modified":"2018-07-18T12:58:13","modified_gmt":"2018-07-18T10:58:13","slug":"qualita-di-vita","status":"publish","type":"page","link":"https:\/\/www.noidiqua.it\/Montale\/montale-2\/qualita-di-vita\/","title":{"rendered":"Qualit\u00e0 di vita"},"content":{"rendered":"<div class=\"widget widget_latest_posts\"><h3 class=\"widgettitle\">Qualit\u00e0 di vita<\/h3>\t\t    <div class=\"latest_posts\">\n\t\t\t<ul class=\"small-thumb\">\n\t\t\t\t<li>\n<div class=\"small-custom-frame-wrapper alignleft frame-shadow\"><div class=\"custom-frame-inner-wrapper\"><div class=\"custom-frame-padding\"><a href=\"https:\/\/www.noidiqua.it\/Montale\/progetto-arboreo\/\" title=\"Progetto Arboreo\"><img loading=\"lazy\" decoding=\"async\" src=\"https:\/\/www.noidiqua.it\/Montale\/wp-content\/uploads\/2022\/04\/Arboreo-1-160x120_c.png\" width=\"160\" height=\"120\" alt=\"Progetto Arboreo\" \/><\/a><\/div><\/div><\/div>\t\t\t\t    <a class=\"teaser-title\" title=\"Progetto Arboreo\" href=\"https:\/\/www.noidiqua.it\/Montale\/progetto-arboreo\/\">Progetto Arboreo<\/a>\n\t\t\t\t    <div class=\"teaser-content\">di Daniela Gori marzo 2022 \u201cArboreo \u2013 Alle radici della Comunit\u00e0 educante\u201d, pu\u00f2 sembrare a prima vista un semplice progetto per far capire ai giovani l\u2019importanza delle aree verdi, tramite la loro tutela e la loro cura. Promosso dalla cooperativa Gemma e dall\u2019associazione Pozzo di Giacobbe di Quarrata, con la partecipazione degli istituti comprensivi...<\/div>\n                                            <a title=\"Progetto Arboreo\" href=\"https:\/\/www.noidiqua.it\/Montale\/progetto-arboreo\/\" class=\"read-more-align-right\"><span>Leggi tutto<\/span> &rarr;<\/a>\n\t\t\t\t    <div class=\"clear\"><\/div>\n\t\t\t\t<\/li>\n\t\t\t\t<li>\n<div class=\"small-custom-frame-wrapper alignleft frame-shadow\"><div class=\"custom-frame-inner-wrapper\"><div class=\"custom-frame-padding\"><a href=\"https:\/\/www.noidiqua.it\/Montale\/la-foresta-dellacquerino-cantagallo\/\" title=\"La Foresta dell&#8217;Acquerino Cantagallo\"><img loading=\"lazy\" decoding=\"async\" src=\"https:\/\/www.noidiqua.it\/Montale\/wp-content\/uploads\/2022\/04\/Acquerino-1-160x120_c.png\" width=\"160\" height=\"120\" alt=\"La Foresta dell&#039;Acquerino Cantagallo\" \/><\/a><\/div><\/div><\/div>\t\t\t\t    <a class=\"teaser-title\" title=\"La Foresta dell&#8217;Acquerino Cantagallo\" href=\"https:\/\/www.noidiqua.it\/Montale\/la-foresta-dellacquerino-cantagallo\/\">La Foresta dell&#8217;Acquerino Cantagallo<\/a>\n\t\t\t\t    <div class=\"teaser-content\">di David Colzi marzo 2022 Dopo aver parlato nel 2019 del Centro Visite della Cascina di Spedaletto, in qualit\u00e0 di punto di accesso montalese verso la riserva dell\u2019Acquerino Cantagallo, abbiamo deciso stavolta di inoltrarci in quella stupenda area verde per conoscerne la flora e la fauna. A farci da guida ancora una volta c\u2019\u00e8...<\/div>\n                                            <a title=\"La Foresta dell&#8217;Acquerino Cantagallo\" href=\"https:\/\/www.noidiqua.it\/Montale\/la-foresta-dellacquerino-cantagallo\/\" class=\"read-more-align-right\"><span>Leggi tutto<\/span> &rarr;<\/a>\n\t\t\t\t    <div class=\"clear\"><\/div>\n\t\t\t\t<\/li>\n\t\t\t\t<li>\n<div class=\"small-custom-frame-wrapper alignleft frame-shadow\"><div class=\"custom-frame-inner-wrapper\"><div class=\"custom-frame-padding\"><a href=\"https:\/\/www.noidiqua.it\/Montale\/massimiliano-petrolo-flora-fauna-montale-agliana-quarrata\/\" title=\"Massimiliano Petrolo &#8211; flora e fauna di Montale, Agliana e Quarrata\"><img loading=\"lazy\" decoding=\"async\" src=\"https:\/\/www.noidiqua.it\/Montale\/wp-content\/uploads\/2018\/10\/MASSIMILIANO-PETROLO-160x120_c.png\" width=\"160\" height=\"120\" alt=\"Massimiliano Petrolo - flora e fauna di Montale, Agliana e Quarrata\" \/><\/a><\/div><\/div><\/div>\t\t\t\t    <a class=\"teaser-title\" title=\"Massimiliano Petrolo &#8211; flora e fauna di Montale, Agliana e Quarrata\" href=\"https:\/\/www.noidiqua.it\/Montale\/massimiliano-petrolo-flora-fauna-montale-agliana-quarrata\/\">Massimiliano Petrolo &#8211; flora e fauna di Montale, Agliana e Quarrata<\/a>\n\t\t\t\t    <div class=\"teaser-content\">di Piera Salvi settembre 2018 &nbsp; \u00abIn sette, otto ore, camminando a passo d\u2019uomo lungo una sentieristica che gi\u00e0 esiste e che basterebbe valorizzare con un\u2019adeguata segnaletica, si pu\u00f2 andare dall\u2019Acquerino al Montalbano. E&#8217; un mio sogno\u00bb ci rivela Massimiliano Petrolo, nato a Santomato, vissuto ad Agliana dal 1993 al 2004, poi trasferito nell\u2019area...<\/div>\n                                            <a title=\"Massimiliano Petrolo &#8211; flora e fauna di Montale, Agliana e Quarrata\" href=\"https:\/\/www.noidiqua.it\/Montale\/massimiliano-petrolo-flora-fauna-montale-agliana-quarrata\/\" class=\"read-more-align-right\"><span>Leggi tutto<\/span> &rarr;<\/a>\n\t\t\t\t    <div class=\"clear\"><\/div>\n\t\t\t\t<\/li>\n\t\t\t\t<li>\n<div class=\"small-custom-frame-wrapper alignleft frame-shadow\"><div class=\"custom-frame-inner-wrapper\"><div class=\"custom-frame-padding\"><a href=\"https:\/\/www.noidiqua.it\/Montale\/tuteliamo-la-quercia-stazione\/\" title=\"Tuteliamo la quercia di Stazione\"><img loading=\"lazy\" decoding=\"async\" src=\"https:\/\/www.noidiqua.it\/Montale\/wp-content\/uploads\/2018\/09\/quercia_3-160x120_c.png\" width=\"160\" height=\"120\" alt=\"Tuteliamo la quercia di Stazione\" \/><\/a><\/div><\/div><\/div>\t\t\t\t    <a class=\"teaser-title\" title=\"Tuteliamo la quercia di Stazione\" href=\"https:\/\/www.noidiqua.it\/Montale\/tuteliamo-la-quercia-stazione\/\">Tuteliamo la quercia di Stazione<\/a>\n\t\t\t\t    <div class=\"teaser-content\">di\u00a0David Colzi settembre 2018 &nbsp; Come spesso accade, non ci rendiamo conto delle cose belle che abbiamo finch\u00e9 non le perdiamo, oppure, peggio ancora, quando qualcosa di bello \u00e8 sotto i nostri occhi tutti i giorni, finiamo per non vederlo pi\u00f9 e \u201cdiventa invisibile\u201d: tanto c\u2019\u00e8, \u00e8 l\u00ec per noi. Esempio calzante di tutto...<\/div>\n                                            <a title=\"Tuteliamo la quercia di Stazione\" href=\"https:\/\/www.noidiqua.it\/Montale\/tuteliamo-la-quercia-stazione\/\" class=\"read-more-align-right\"><span>Leggi tutto<\/span> &rarr;<\/a>\n\t\t\t\t    <div class=\"clear\"><\/div>\n\t\t\t\t<\/li>\n\t\t\t\t<li>\n<div class=\"small-custom-frame-wrapper alignleft frame-shadow\"><div class=\"custom-frame-inner-wrapper\"><div class=\"custom-frame-padding\"><a href=\"https:\/\/www.noidiqua.it\/Montale\/produzione-miele-2018-facciamo-punto-apicoltori-locali\/\" title=\"Produzione di miele 2018 \u2013 facciamo il punto con apicoltori locali\"><img loading=\"lazy\" decoding=\"async\" src=\"https:\/\/www.noidiqua.it\/Montale\/wp-content\/uploads\/2018\/07\/MIELE-160x120_c.png\" width=\"160\" height=\"120\" alt=\"Produzione di miele 2018 \u2013 facciamo il punto con apicoltori locali\" \/><\/a><\/div><\/div><\/div>\t\t\t\t    <a class=\"teaser-title\" title=\"Produzione di miele 2018 \u2013 facciamo il punto con apicoltori locali\" href=\"https:\/\/www.noidiqua.it\/Montale\/produzione-miele-2018-facciamo-punto-apicoltori-locali\/\">Produzione di miele 2018 \u2013 facciamo il punto con apicoltori locali<\/a>\n\t\t\t\t    <div class=\"teaser-content\">di Daniela Gori giugno\u00a02018 Quando si parla di miele bisognerebbe sempre considerare che si tratta di un alimento molto apprezzato gi\u00e0 nell\u2019antichit\u00e0, quando ancora per dolcificare non esisteva lo zucchero e le popolazioni vissute nei secoli lontani, addirittura millenni avanti Cristo, lo utilizzavano non soltanto per scopi alimentari ma anche per fare medicinali e...<\/div>\n                                            <a title=\"Produzione di miele 2018 \u2013 facciamo il punto con apicoltori locali\" href=\"https:\/\/www.noidiqua.it\/Montale\/produzione-miele-2018-facciamo-punto-apicoltori-locali\/\" class=\"read-more-align-right\"><span>Leggi tutto<\/span> &rarr;<\/a>\n\t\t\t\t    <div class=\"clear\"><\/div>\n\t\t\t\t<\/li>\n\t\t\t<\/ul>\n\t\t    <\/div><!-- end widget_recent_posts -->\n<\/div>\n<a class=\"flat-custom-button align-btn-left\" href=\"https:\/\/www.noidiqua.it\/Montale\/category\/qta\/qualita-di-vita\/\" title=\"Mostra tutti gli articoli di questa sezione\"><span style=\"padding:10px 20px; background-color:#ed162d; border:1px solid #ed162d; color:#FFFFFF; font-size:14px;\">Mostra tutti gli articoli precedenti<\/span><\/a>","protected":false},"excerpt":{"rendered":"","protected":false},"author":1,"featured_media":0,"parent":12,"menu_order":0,"comment_status":"closed","ping_status":"closed","template":"","meta":{"footnotes":""},"class_list":["post-5091","page","type-page","status-publish","hentry"],"yoast_head":"<!-- This site is optimized with the Yoast SEO plugin v25.5 - https:\/\/yoast.com\/wordpress\/plugins\/seo\/ -->\n<title>Qualit\u00e0 di vita - Noi di Qua Testata giornalistica e di attualit\u00e0 di Agliana, Montale e Quarrata.<\/title>\n<meta name=\"robots\" content=\"index, follow, max-snippet:-1, max-image-preview:large, max-video-preview:-1\" \/>\n<link rel=\"canonical\" href=\"https:\/\/www.noidiqua.it\/Montale\/montale-2\/qualita-di-vita\/\" \/>\n<meta property=\"og:locale\" content=\"it_IT\" \/>\n<meta property=\"og:type\" content=\"article\" \/>\n<meta property=\"og:title\" content=\"Qualit\u00e0 di vita - Noi di Qua Testata giornalistica e di attualit\u00e0 di Agliana, Montale e Quarrata.\" \/>\n<meta property=\"og:url\" content=\"https:\/\/www.noidiqua.it\/Montale\/montale-2\/qualita-di-vita\/\" \/>\n<meta property=\"og:site_name\" content=\"Noi di Qua Testata giornalistica e di attualit\u00e0 di Agliana, Montale e Quarrata.\" \/>\n<meta property=\"article:publisher\" content=\"https:\/\/www.facebook.com\/noidiqua.trimestrale\/\" \/>\n<meta property=\"og:image\" content=\"https:\/\/www.noidiqua.it\/Montale\/wp-content\/uploads\/2019\/03\/logo-sito.jpg\" \/>\n<script type=\"application\/ld+json\" class=\"yoast-schema-graph\">{\"@context\":\"https:\/\/schema.org\",\"@graph\":[{\"@type\":\"WebPage\",\"@id\":\"https:\/\/www.noidiqua.it\/Montale\/montale-2\/qualita-di-vita\/\",\"url\":\"https:\/\/www.noidiqua.it\/Montale\/montale-2\/qualita-di-vita\/\",\"name\":\"Qualit\u00e0 di vita - Noi di Qua Testata giornalistica e di attualit\u00e0 di Agliana, Montale e Quarrata.\",\"isPartOf\":{\"@id\":\"https:\/\/www.noidiqua.it\/Montale\/#website\"},\"datePublished\":\"2018-07-18T10:58:13+00:00\",\"breadcrumb\":{\"@id\":\"https:\/\/www.noidiqua.it\/Montale\/montale-2\/qualita-di-vita\/#breadcrumb\"},\"inLanguage\":\"it-IT\",\"potentialAction\":[{\"@type\":\"ReadAction\",\"target\":[\"https:\/\/www.noidiqua.it\/Montale\/montale-2\/qualita-di-vita\/\"]}]},{\"@type\":\"BreadcrumbList\",\"@id\":\"https:\/\/www.noidiqua.it\/Montale\/montale-2\/qualita-di-vita\/#breadcrumb\",\"itemListElement\":[{\"@type\":\"ListItem\",\"position\":1,\"name\":\"Home\",\"item\":\"https:\/\/www.noidiqua.it\/Montale\/\"},{\"@type\":\"ListItem\",\"position\":2,\"name\":\"Montale\",\"item\":\"https:\/\/www.noidiqua.it\/Montale\/montale-2\/\"},{\"@type\":\"ListItem\",\"position\":3,\"name\":\"Qualit\u00e0 di vita\"}]},{\"@type\":\"WebSite\",\"@id\":\"https:\/\/www.noidiqua.it\/Montale\/#website\",\"url\":\"https:\/\/www.noidiqua.it\/Montale\/\",\"name\":\"Noi di Qua Testata giornalistica e di attualit\u00e0 di Agliana, Montale e Quarrata.\",\"description\":\"Testata Giornalistica Quarrata Montale Agliana\",\"potentialAction\":[{\"@type\":\"SearchAction\",\"target\":{\"@type\":\"EntryPoint\",\"urlTemplate\":\"https:\/\/www.noidiqua.it\/Montale\/?s={search_term_string}\"},\"query-input\":{\"@type\":\"PropertyValueSpecification\",\"valueRequired\":true,\"valueName\":\"search_term_string\"}}],\"inLanguage\":\"it-IT\"}]}<\/script>\n<!-- \/ Yoast SEO plugin. -->","yoast_head_json":{"title":"Qualit\u00e0 di vita - Noi di Qua Testata giornalistica e di attualit\u00e0 di Agliana, Montale e Quarrata.","robots":{"index":"index","follow":"follow","max-snippet":"max-snippet:-1","max-image-preview":"max-image-preview:large","max-video-preview":"max-video-preview:-1"},"canonical":"https:\/\/www.noidiqua.it\/Montale\/montale-2\/qualita-di-vita\/","og_locale":"it_IT","og_type":"article","og_title":"Qualit\u00e0 di vita - Noi di Qua Testata giornalistica e di attualit\u00e0 di Agliana, Montale e Quarrata.","og_url":"https:\/\/www.noidiqua.it\/Montale\/montale-2\/qualita-di-vita\/","og_site_name":"Noi di Qua Testata giornalistica e di attualit\u00e0 di Agliana, Montale e Quarrata.","article_publisher":"https:\/\/www.facebook.com\/noidiqua.trimestrale\/","og_image":[{"url":"https:\/\/www.noidiqua.it\/Montale\/wp-content\/uploads\/2019\/03\/logo-sito.jpg","type":"","width":"","height":""}],"schema":{"@context":"https:\/\/schema.org","@graph":[{"@type":"WebPage","@id":"https:\/\/www.noidiqua.it\/Montale\/montale-2\/qualita-di-vita\/","url":"https:\/\/www.noidiqua.it\/Montale\/montale-2\/qualita-di-vita\/","name":"Qualit\u00e0 di vita - Noi di Qua Testata giornalistica e di attualit\u00e0 di Agliana, Montale e Quarrata.","isPartOf":{"@id":"https:\/\/www.noidiqua.it\/Montale\/#website"},"datePublished":"2018-07-18T10:58:13+00:00","breadcrumb":{"@id":"https:\/\/www.noidiqua.it\/Montale\/montale-2\/qualita-di-vita\/#breadcrumb"},"inLanguage":"it-IT","potentialAction":[{"@type":"ReadAction","target":["https:\/\/www.noidiqua.it\/Montale\/montale-2\/qualita-di-vita\/"]}]},{"@type":"BreadcrumbList","@id":"https:\/\/www.noidiqua.it\/Montale\/montale-2\/qualita-di-vita\/#breadcrumb","itemListElement":[{"@type":"ListItem","position":1,"name":"Home","item":"https:\/\/www.noidiqua.it\/Montale\/"},{"@type":"ListItem","position":2,"name":"Montale","item":"https:\/\/www.noidiqua.it\/Montale\/montale-2\/"},{"@type":"ListItem","position":3,"name":"Qualit\u00e0 di vita"}]},{"@type":"WebSite","@id":"https:\/\/www.noidiqua.it\/Montale\/#website","url":"https:\/\/www.noidiqua.it\/Montale\/","name":"Noi di Qua Testata giornalistica e di attualit\u00e0 di Agliana, Montale e Quarrata.","description":"Testata Giornalistica Quarrata Montale Agliana","potentialAction":[{"@type":"SearchAction","target":{"@type":"EntryPoint","urlTemplate":"https:\/\/www.noidiqua.it\/Montale\/?s={search_term_string}"},"query-input":{"@type":"PropertyValueSpecification","valueRequired":true,"valueName":"search_term_string"}}],"inLanguage":"it-IT"}]}},"_links":{"self":[{"href":"https:\/\/www.noidiqua.it\/Montale\/wp-json\/wp\/v2\/pages\/5091","targetHints":{"allow":["GET"]}}],"collection":[{"href":"https:\/\/www.noidiqua.it\/Montale\/wp-json\/wp\/v2\/pages"}],"about":[{"href":"https:\/\/www.noidiqua.it\/Montale\/wp-json\/wp\/v2\/types\/page"}],"author":[{"embeddable":true,"href":"https:\/\/www.noidiqua.it\/Montale\/wp-json\/wp\/v2\/users\/1"}],"replies":[{"embeddable":true,"href":"https:\/\/www.noidiqua.it\/Montale\/wp-json\/wp\/v2\/comments?post=5091"}],"version-history":[{"count":1,"href":"https:\/\/www.noidiqua.it\/Montale\/wp-json\/wp\/v2\/pages\/5091\/revisions"}],"predecessor-version":[{"id":5092,"href":"https:\/\/www.noidiqua.it\/Montale\/wp-json\/wp\/v2\/pages\/5091\/revisions\/5092"}],"up":[{"embeddable":true,"href":"https:\/\/www.noidiqua.it\/Montale\/wp-json\/wp\/v2\/pages\/12"}],"wp:attachment":[{"href":"https:\/\/www.noidiqua.it\/Montale\/wp-json\/wp\/v2\/media?parent=5091"}],"curies":[{"name":"wp","href":"https:\/\/api.w.org\/{rel}","templated":true}]}}