{"id":6765,"date":"2022-04-11T12:32:37","date_gmt":"2022-04-11T10:32:37","guid":{"rendered":"https:\/\/www.noidiqua.it\/Montale\/?page_id=6765"},"modified":"2022-04-11T12:34:33","modified_gmt":"2022-04-11T10:34:33","slug":"il-diritto-di-tutti","status":"publish","type":"page","link":"https:\/\/www.noidiqua.it\/Montale\/montale-2\/il-diritto-di-tutti\/","title":{"rendered":"il Diritto di tutti"},"content":{"rendered":"<div class=\"widget widget_latest_posts\"><h3 class=\"widgettitle\">il Diritto di tutti<\/h3>\t\t    <div class=\"latest_posts\">\n\t\t\t<ul class=\"small-thumb\">\n\t\t\t\t<li>\n<div class=\"small-custom-frame-wrapper alignleft frame-shadow\"><div class=\"custom-frame-inner-wrapper\"><div class=\"custom-frame-padding\"><a href=\"https:\/\/www.noidiqua.it\/Montale\/patrocinio-gratuito-a-spese-dello-stato\/\" title=\"Patrocinio gratuito a spese dello Stato\"><img loading=\"lazy\" decoding=\"async\" src=\"https:\/\/www.noidiqua.it\/Montale\/wp-content\/uploads\/2022\/04\/martello-tribunale-160x120_c.png\" width=\"160\" height=\"120\" alt=\"Patrocinio gratuito a spese dello Stato\" \/><\/a><\/div><\/div><\/div>\t\t\t\t    <a class=\"teaser-title\" title=\"Patrocinio gratuito a spese dello Stato\" href=\"https:\/\/www.noidiqua.it\/Montale\/patrocinio-gratuito-a-spese-dello-stato\/\">Patrocinio gratuito a spese dello Stato<\/a>\n\t\t\t\t    <div class=\"teaser-content\">di Serena Michelozzi marzo 2026 L\u2019istituto del patrocinio a spese dello Stato, pi\u00f9 comunemente conosciuto e chiamato Gratuito Patrocinio, \u00e8 un istituto giuridico fondamentale che garantisce il diritto alla difesa (sancito dall\u2019art. 24 della Costituzione) anche a chi non pu\u00f2 permettersi un avvocato.\u00a0E\u2019 un servizio che permette ai cittadini con redditi bassi di ottenere...<\/div>\n                                            <a title=\"Patrocinio gratuito a spese dello Stato\" href=\"https:\/\/www.noidiqua.it\/Montale\/patrocinio-gratuito-a-spese-dello-stato\/\" class=\"read-more-align-right\"><span>Leggi tutto<\/span> &rarr;<\/a>\n\t\t\t\t    <div class=\"clear\"><\/div>\n\t\t\t\t<\/li>\n\t\t\t\t<li>\n<div class=\"small-custom-frame-wrapper alignleft frame-shadow\"><div class=\"custom-frame-inner-wrapper\"><div class=\"custom-frame-padding\"><a href=\"https:\/\/www.noidiqua.it\/Montale\/la-sicurezza-sul-lavoro\/\" title=\"La sicurezza sul lavoro\"><img loading=\"lazy\" decoding=\"async\" src=\"https:\/\/www.noidiqua.it\/Montale\/wp-content\/uploads\/2025\/12\/il-diritto-di-tutti-160x120_c.png\" width=\"160\" height=\"120\" alt=\"La sicurezza sul lavoro\" \/><\/a><\/div><\/div><\/div>\t\t\t\t    <a class=\"teaser-title\" title=\"La sicurezza sul lavoro\" href=\"https:\/\/www.noidiqua.it\/Montale\/la-sicurezza-sul-lavoro\/\">La sicurezza sul lavoro<\/a>\n\t\t\t\t    <div class=\"teaser-content\">di Serena Michelozzi dicembre 2025 Il\u00a0Decreto Legislativo\u00a09 aprile 2008, n. 81, costituisce l\u2019attuazione della L. 3.08.200\/n. 123 e ha come finalit\u00e0 il riassetto e la riforma delle norme vigenti in materia di salute e sicurezza dei lavoratori, coordinandole in un unico testo normativo. Le sue disposizioni prescrivono misure per la tutela della salute e...<\/div>\n                                            <a title=\"La sicurezza sul lavoro\" href=\"https:\/\/www.noidiqua.it\/Montale\/la-sicurezza-sul-lavoro\/\" class=\"read-more-align-right\"><span>Leggi tutto<\/span> &rarr;<\/a>\n\t\t\t\t    <div class=\"clear\"><\/div>\n\t\t\t\t<\/li>\n\t\t\t\t<li>\n<div class=\"small-custom-frame-wrapper alignleft frame-shadow\"><div class=\"custom-frame-inner-wrapper\"><div class=\"custom-frame-padding\"><a href=\"https:\/\/www.noidiqua.it\/Montale\/permesso-di-soggiorno-cosa-e-e-a-cosa-serve\/\" title=\"Permesso di soggiorno: cosa \u00e8 e a cosa serve\"><img loading=\"lazy\" decoding=\"async\" src=\"https:\/\/www.noidiqua.it\/Montale\/wp-content\/uploads\/2025\/10\/Il-diritto-di-tutti-160x120_c.png\" width=\"160\" height=\"120\" alt=\"Permesso di soggiorno: cosa \u00e8 e a cosa serve\" \/><\/a><\/div><\/div><\/div>\t\t\t\t    <a class=\"teaser-title\" title=\"Permesso di soggiorno: cosa \u00e8 e a cosa serve\" href=\"https:\/\/www.noidiqua.it\/Montale\/permesso-di-soggiorno-cosa-e-e-a-cosa-serve\/\">Permesso di soggiorno: cosa \u00e8 e a cosa serve<\/a>\n\t\t\t\t    <div class=\"teaser-content\">di Serena Michelozzi settembre 2025 Il permesso di soggiorno non \u00e8 una semplice formalit\u00e0, ma un pilastro della regolarit\u00e0 e dell&#8217;integrazione per i cittadini stranieri in Italia. Il permesso di soggiorno viene rilasciato dalla Questura (o dallo Sportello unico della Prefettura in caso di ricongiungimento familiare) della provincia in cui viene richiesto ed \u00e8...<\/div>\n                                            <a title=\"Permesso di soggiorno: cosa \u00e8 e a cosa serve\" href=\"https:\/\/www.noidiqua.it\/Montale\/permesso-di-soggiorno-cosa-e-e-a-cosa-serve\/\" class=\"read-more-align-right\"><span>Leggi tutto<\/span> &rarr;<\/a>\n\t\t\t\t    <div class=\"clear\"><\/div>\n\t\t\t\t<\/li>\n\t\t\t\t<li>\n<div class=\"small-custom-frame-wrapper alignleft frame-shadow\"><div class=\"custom-frame-inner-wrapper\"><div class=\"custom-frame-padding\"><a href=\"https:\/\/www.noidiqua.it\/Montale\/caporalato-un-dramma-anche-femminile\/\" title=\"Caporalato \u2013 un dramma anche femminile\"><img loading=\"lazy\" decoding=\"async\" src=\"https:\/\/www.noidiqua.it\/Montale\/wp-content\/uploads\/2025\/07\/Caporalato-femminile-160x120_c.png\" width=\"160\" height=\"120\" alt=\"Caporalato \u2013 un dramma anche femminile\" \/><\/a><\/div><\/div><\/div>\t\t\t\t    <a class=\"teaser-title\" title=\"Caporalato \u2013 un dramma anche femminile\" href=\"https:\/\/www.noidiqua.it\/Montale\/caporalato-un-dramma-anche-femminile\/\">Caporalato \u2013 un dramma anche femminile<\/a>\n\t\t\t\t    <div class=\"teaser-content\">di Serena Michelozzi giugno 2025 Il\u00a0caporalato\u00a0\u00e8 un dramma che non ha solo un volto maschile, ma affligge in maniera profonda e spesso pi\u00f9 insidiosa anche le\u00a0donne, vittime di un sistema che le rende doppiamente vulnerabili. Di questo si \u00e8 parlato nel convegno organizzato dalla FIDAPA (Federazione Italiana Donne Arti Professioni Affari), Sezione Pistoia e...<\/div>\n                                            <a title=\"Caporalato \u2013 un dramma anche femminile\" href=\"https:\/\/www.noidiqua.it\/Montale\/caporalato-un-dramma-anche-femminile\/\" class=\"read-more-align-right\"><span>Leggi tutto<\/span> &rarr;<\/a>\n\t\t\t\t    <div class=\"clear\"><\/div>\n\t\t\t\t<\/li>\n\t\t\t\t<li>\n<div class=\"small-custom-frame-wrapper alignleft frame-shadow\"><div class=\"custom-frame-inner-wrapper\"><div class=\"custom-frame-padding\"><a href=\"https:\/\/www.noidiqua.it\/Montale\/il-diritto-della-musica\/\" title=\"il Diritto della Musica\"><img loading=\"lazy\" decoding=\"async\" src=\"https:\/\/www.noidiqua.it\/Montale\/wp-content\/uploads\/2025\/04\/silvia-giannini-160x120_c.png\" width=\"160\" height=\"120\" alt=\"il Diritto della Musica\" \/><\/a><\/div><\/div><\/div>\t\t\t\t    <a class=\"teaser-title\" title=\"il Diritto della Musica\" href=\"https:\/\/www.noidiqua.it\/Montale\/il-diritto-della-musica\/\">il Diritto della Musica<\/a>\n\t\t\t\t    <div class=\"teaser-content\">di Serena Michelozzi marzo 2025 Diritto della Musica? Di cosa si tratta? Ce ne parla l\u2019Avvocata\u00a0Silvia Giannini, quarratina classe 1993, specialista in tale ambito, che attualmente esercita la professione nel foro di Prato presso lo studio legale\u00a0Giovannelli Masi Cecconi &amp; Associati, con sede a Firenze, Prato e Milano \u2013 il pi\u00f9 grande della Toscana...<\/div>\n                                            <a title=\"il Diritto della Musica\" href=\"https:\/\/www.noidiqua.it\/Montale\/il-diritto-della-musica\/\" class=\"read-more-align-right\"><span>Leggi tutto<\/span> &rarr;<\/a>\n\t\t\t\t    <div class=\"clear\"><\/div>\n\t\t\t\t<\/li>\n\t\t\t\t<li>\n<div class=\"small-custom-frame-wrapper alignleft frame-shadow\"><div class=\"custom-frame-inner-wrapper\"><div class=\"custom-frame-padding\"><a href=\"https:\/\/www.noidiqua.it\/Montale\/trattamento-estetico-mal-riuscito-e-adesso\/\" title=\"Trattamento estetico mal riuscito: e adesso?\"><img loading=\"lazy\" decoding=\"async\" src=\"https:\/\/www.noidiqua.it\/Montale\/wp-content\/uploads\/2024\/12\/il-diritto-di-tutti-160x120_c.png\" width=\"160\" height=\"120\" alt=\"Trattamento estetico mal riuscito: e adesso?\" \/><\/a><\/div><\/div><\/div>\t\t\t\t    <a class=\"teaser-title\" title=\"Trattamento estetico mal riuscito: e adesso?\" href=\"https:\/\/www.noidiqua.it\/Montale\/trattamento-estetico-mal-riuscito-e-adesso\/\">Trattamento estetico mal riuscito: e adesso?<\/a>\n\t\t\t\t    <div class=\"teaser-content\">di Serena Michelozzi dicembre 2024 Il settore dell\u2019estetica\u00a0\u00e8 ormai in continua crescita, in quanto moltissime persone scelgono di investire il proprio denaro per migliorare il loro aspetto attraverso trattamenti o anche tipologie di\u00a0intervento\u00a0pi\u00f9 invasive. Tuttavia \u00e8 solito che ogni tanto qualcosa \u2013 purtroppo \u2013 vada storto o comunque non si sia soddisfatti del risultato....<\/div>\n                                            <a title=\"Trattamento estetico mal riuscito: e adesso?\" href=\"https:\/\/www.noidiqua.it\/Montale\/trattamento-estetico-mal-riuscito-e-adesso\/\" class=\"read-more-align-right\"><span>Leggi tutto<\/span> &rarr;<\/a>\n\t\t\t\t    <div class=\"clear\"><\/div>\n\t\t\t\t<\/li>\n\t\t\t\t<li>\n<div class=\"small-custom-frame-wrapper alignleft frame-shadow\"><div class=\"custom-frame-inner-wrapper\"><div class=\"custom-frame-padding\"><a href=\"https:\/\/www.noidiqua.it\/Montale\/acquistare-casa-allasta\/\" title=\"Acquistare casa all&#8217;asta\"><img loading=\"lazy\" decoding=\"async\" src=\"https:\/\/www.noidiqua.it\/Montale\/wp-content\/uploads\/2024\/10\/casa-allasta-160x120_c.png\" width=\"160\" height=\"120\" alt=\"Acquistare casa all&#039;asta\" \/><\/a><\/div><\/div><\/div>\t\t\t\t    <a class=\"teaser-title\" title=\"Acquistare casa all&#8217;asta\" href=\"https:\/\/www.noidiqua.it\/Montale\/acquistare-casa-allasta\/\">Acquistare casa all&#8217;asta<\/a>\n\t\t\t\t    <div class=\"teaser-content\">di Serena Michelozzi settembre 2024 Acquistare una casa all\u2019asta pu\u00f2 essere un\u2019opportunit\u00e0 vantaggiosa per chi \u00e8 alla ricerca di un immobile a un prezzo conveniente. La normativa vigente in materia di aste immobiliari \u00e8 disciplinata principalmente dal Codice Civile e dal Decreto del Presidente della Repubblica n. 327 del 2001. Questi testi normativi stabiliscono...<\/div>\n                                            <a title=\"Acquistare casa all&#8217;asta\" href=\"https:\/\/www.noidiqua.it\/Montale\/acquistare-casa-allasta\/\" class=\"read-more-align-right\"><span>Leggi tutto<\/span> &rarr;<\/a>\n\t\t\t\t    <div class=\"clear\"><\/div>\n\t\t\t\t<\/li>\n\t\t\t\t<li>\n<div class=\"small-custom-frame-wrapper alignleft frame-shadow\"><div class=\"custom-frame-inner-wrapper\"><div class=\"custom-frame-padding\"><a href=\"https:\/\/www.noidiqua.it\/Montale\/esdebitazione-di-cosa-si-tratta-quando-e-come-usarla\/\" title=\"Esdebitazione \u2013 di cosa si tratta, quando e come usarla\"><img loading=\"lazy\" decoding=\"async\" src=\"https:\/\/www.noidiqua.it\/Montale\/wp-content\/uploads\/2024\/07\/esdebitazione-160x120_c.png\" width=\"160\" height=\"120\" alt=\"Esdebitazione \u2013 di cosa si tratta, quando e come usarla\" \/><\/a><\/div><\/div><\/div>\t\t\t\t    <a class=\"teaser-title\" title=\"Esdebitazione \u2013 di cosa si tratta, quando e come usarla\" href=\"https:\/\/www.noidiqua.it\/Montale\/esdebitazione-di-cosa-si-tratta-quando-e-come-usarla\/\">Esdebitazione \u2013 di cosa si tratta, quando e come usarla<\/a>\n\t\t\t\t    <div class=\"teaser-content\">di Serena Michelozzi giugno 2024 L\u2019esdebitazione\u00a0\u00e8 uno strumento che permette al privato cittadino e consumatore di proporre ai creditori un piano di rientro per cancellare i propri debiti. Tale procedura, introdotta nel 2012 con la legge 27 gennaio 2012, n. 3 titolata\u00a0\u201cDisposizioni in materia di usura e di estorsione, nonch\u00e9 di composizione delle crisi...<\/div>\n                                            <a title=\"Esdebitazione \u2013 di cosa si tratta, quando e come usarla\" href=\"https:\/\/www.noidiqua.it\/Montale\/esdebitazione-di-cosa-si-tratta-quando-e-come-usarla\/\" class=\"read-more-align-right\"><span>Leggi tutto<\/span> &rarr;<\/a>\n\t\t\t\t    <div class=\"clear\"><\/div>\n\t\t\t\t<\/li>\n\t\t\t\t<li>\n<div class=\"small-custom-frame-wrapper alignleft frame-shadow\"><div class=\"custom-frame-inner-wrapper\"><div class=\"custom-frame-padding\"><a href=\"https:\/\/www.noidiqua.it\/Montale\/cose-la-blockchain\/\" title=\"Cos\u2019\u00e8 la blockchain?\"><img loading=\"lazy\" decoding=\"async\" src=\"https:\/\/www.noidiqua.it\/Montale\/wp-content\/uploads\/2024\/04\/il-diritto-di-tutti-160x120_c.png\" width=\"160\" height=\"120\" alt=\"Cos\u2019\u00e8 la blockchain?\" \/><\/a><\/div><\/div><\/div>\t\t\t\t    <a class=\"teaser-title\" title=\"Cos\u2019\u00e8 la blockchain?\" href=\"https:\/\/www.noidiqua.it\/Montale\/cose-la-blockchain\/\">Cos\u2019\u00e8 la blockchain?<\/a>\n\t\t\t\t    <div class=\"teaser-content\">di Serena Michelozzi marzo 2024 Ma cos\u2019\u00e8 la\u00a0blockchain\u00a0e come poterla utilizzare nei processi di verifica della\u00a0regolarit\u00e0 contrattuale\u00a0e di sicurezza sul lavoro a livello di singolo datore di lavoro da parte delle casse edili? La blockchain pu\u00f2 essere vista come un database, ossia, una raccolta di informazioni memorizzate elettronicamente su un sistema informatico. Invero, la...<\/div>\n                                            <a title=\"Cos\u2019\u00e8 la blockchain?\" href=\"https:\/\/www.noidiqua.it\/Montale\/cose-la-blockchain\/\" class=\"read-more-align-right\"><span>Leggi tutto<\/span> &rarr;<\/a>\n\t\t\t\t    <div class=\"clear\"><\/div>\n\t\t\t\t<\/li>\n\t\t\t\t<li>\n<div class=\"small-custom-frame-wrapper alignleft frame-shadow\"><div class=\"custom-frame-inner-wrapper\"><div class=\"custom-frame-padding\"><a href=\"https:\/\/www.noidiqua.it\/Montale\/negoziazione-assistita\/\" title=\"Negoziazione assistita\"><img loading=\"lazy\" decoding=\"async\" src=\"https:\/\/www.noidiqua.it\/Montale\/wp-content\/uploads\/2022\/04\/martello-tribunale-160x120_c.png\" width=\"160\" height=\"120\" alt=\"Negoziazione assistita\" \/><\/a><\/div><\/div><\/div>\t\t\t\t    <a class=\"teaser-title\" title=\"Negoziazione assistita\" href=\"https:\/\/www.noidiqua.it\/Montale\/negoziazione-assistita\/\">Negoziazione assistita<\/a>\n\t\t\t\t    <div class=\"teaser-content\">di Serena Michelozzi dicembre 2023 Al fine di completare il quadro su quelli che sono gli strumenti maggiormente utilizzati nel panorama delle ADR (Alternative Dispute Resolution), oltre alla mediazione civile ex D.lgs. 28\/2010, altra protagonista \u00e8 la \u201cprocedura di negoziazione assistita da uno o pi\u00f9 avvocati\u201d, ossia la c.d. negoziazione assistita, disciplinata dal decreto-legge...<\/div>\n                                            <a title=\"Negoziazione assistita\" href=\"https:\/\/www.noidiqua.it\/Montale\/negoziazione-assistita\/\" class=\"read-more-align-right\"><span>Leggi tutto<\/span> &rarr;<\/a>\n\t\t\t\t    <div class=\"clear\"><\/div>\n\t\t\t\t<\/li>\n\t\t\t<\/ul>\n\t\t    <\/div><!-- end widget_recent_posts -->\n<\/div>\n<a class=\"flat-custom-button align-btn-left\" href=\"https:\/\/www.noidiqua.it\/Montale\/category\/mt\/il-diritto-di-tutti\/\" title=\"Mostra tutti gli articoli di questa sezione\"><span style=\"padding:10px 20px; background-color:#ed162d; border:1px solid #ed162d; color:#FFFFFF; font-size:14px;\">Mostra tutti gli articoli precedenti<\/span><\/a>","protected":false},"excerpt":{"rendered":"","protected":false},"author":1,"featured_media":0,"parent":12,"menu_order":0,"comment_status":"open","ping_status":"closed","template":"","meta":{"footnotes":""},"class_list":["post-6765","page","type-page","status-publish","hentry"],"yoast_head":"<!-- This site is optimized with the Yoast SEO plugin v25.5 - https:\/\/yoast.com\/wordpress\/plugins\/seo\/ -->\n<title>il Diritto di tutti - Noi di Qua Testata giornalistica e di attualit\u00e0 di Agliana, Montale e Quarrata.<\/title>\n<meta name=\"robots\" content=\"index, follow, max-snippet:-1, max-image-preview:large, max-video-preview:-1\" \/>\n<link rel=\"canonical\" href=\"https:\/\/www.noidiqua.it\/Montale\/montale-2\/il-diritto-di-tutti\/\" \/>\n<meta property=\"og:locale\" content=\"it_IT\" \/>\n<meta property=\"og:type\" content=\"article\" \/>\n<meta property=\"og:title\" content=\"il Diritto di tutti - Noi di Qua Testata giornalistica e di attualit\u00e0 di Agliana, Montale e Quarrata.\" \/>\n<meta property=\"og:url\" content=\"https:\/\/www.noidiqua.it\/Montale\/montale-2\/il-diritto-di-tutti\/\" \/>\n<meta property=\"og:site_name\" content=\"Noi di Qua Testata giornalistica e di attualit\u00e0 di Agliana, Montale e Quarrata.\" \/>\n<meta property=\"article:publisher\" content=\"https:\/\/www.facebook.com\/noidiqua.trimestrale\/\" \/>\n<meta property=\"article:modified_time\" content=\"2022-04-11T10:34:33+00:00\" \/>\n<meta property=\"og:image\" content=\"https:\/\/www.noidiqua.it\/Montale\/wp-content\/uploads\/2019\/03\/logo-sito.jpg\" \/>\n<script type=\"application\/ld+json\" class=\"yoast-schema-graph\">{\"@context\":\"https:\/\/schema.org\",\"@graph\":[{\"@type\":\"WebPage\",\"@id\":\"https:\/\/www.noidiqua.it\/Montale\/montale-2\/il-diritto-di-tutti\/\",\"url\":\"https:\/\/www.noidiqua.it\/Montale\/montale-2\/il-diritto-di-tutti\/\",\"name\":\"il Diritto di tutti - Noi di Qua Testata giornalistica e di attualit\u00e0 di Agliana, Montale e Quarrata.\",\"isPartOf\":{\"@id\":\"https:\/\/www.noidiqua.it\/Montale\/#website\"},\"datePublished\":\"2022-04-11T10:32:37+00:00\",\"dateModified\":\"2022-04-11T10:34:33+00:00\",\"breadcrumb\":{\"@id\":\"https:\/\/www.noidiqua.it\/Montale\/montale-2\/il-diritto-di-tutti\/#breadcrumb\"},\"inLanguage\":\"it-IT\",\"potentialAction\":[{\"@type\":\"ReadAction\",\"target\":[\"https:\/\/www.noidiqua.it\/Montale\/montale-2\/il-diritto-di-tutti\/\"]}]},{\"@type\":\"BreadcrumbList\",\"@id\":\"https:\/\/www.noidiqua.it\/Montale\/montale-2\/il-diritto-di-tutti\/#breadcrumb\",\"itemListElement\":[{\"@type\":\"ListItem\",\"position\":1,\"name\":\"Home\",\"item\":\"https:\/\/www.noidiqua.it\/Montale\/\"},{\"@type\":\"ListItem\",\"position\":2,\"name\":\"Montale\",\"item\":\"https:\/\/www.noidiqua.it\/Montale\/montale-2\/\"},{\"@type\":\"ListItem\",\"position\":3,\"name\":\"il Diritto di tutti\"}]},{\"@type\":\"WebSite\",\"@id\":\"https:\/\/www.noidiqua.it\/Montale\/#website\",\"url\":\"https:\/\/www.noidiqua.it\/Montale\/\",\"name\":\"Noi di Qua Testata giornalistica e di attualit\u00e0 di Agliana, Montale e Quarrata.\",\"description\":\"Testata Giornalistica Quarrata Montale Agliana\",\"potentialAction\":[{\"@type\":\"SearchAction\",\"target\":{\"@type\":\"EntryPoint\",\"urlTemplate\":\"https:\/\/www.noidiqua.it\/Montale\/?s={search_term_string}\"},\"query-input\":{\"@type\":\"PropertyValueSpecification\",\"valueRequired\":true,\"valueName\":\"search_term_string\"}}],\"inLanguage\":\"it-IT\"}]}<\/script>\n<!-- \/ Yoast SEO plugin. -->","yoast_head_json":{"title":"il Diritto di tutti - Noi di Qua Testata giornalistica e di attualit\u00e0 di Agliana, Montale e Quarrata.","robots":{"index":"index","follow":"follow","max-snippet":"max-snippet:-1","max-image-preview":"max-image-preview:large","max-video-preview":"max-video-preview:-1"},"canonical":"https:\/\/www.noidiqua.it\/Montale\/montale-2\/il-diritto-di-tutti\/","og_locale":"it_IT","og_type":"article","og_title":"il Diritto di tutti - Noi di Qua Testata giornalistica e di attualit\u00e0 di Agliana, Montale e Quarrata.","og_url":"https:\/\/www.noidiqua.it\/Montale\/montale-2\/il-diritto-di-tutti\/","og_site_name":"Noi di Qua Testata giornalistica e di attualit\u00e0 di Agliana, Montale e Quarrata.","article_publisher":"https:\/\/www.facebook.com\/noidiqua.trimestrale\/","article_modified_time":"2022-04-11T10:34:33+00:00","og_image":[{"url":"https:\/\/www.noidiqua.it\/Montale\/wp-content\/uploads\/2019\/03\/logo-sito.jpg","type":"","width":"","height":""}],"schema":{"@context":"https:\/\/schema.org","@graph":[{"@type":"WebPage","@id":"https:\/\/www.noidiqua.it\/Montale\/montale-2\/il-diritto-di-tutti\/","url":"https:\/\/www.noidiqua.it\/Montale\/montale-2\/il-diritto-di-tutti\/","name":"il Diritto di tutti - Noi di Qua Testata giornalistica e di attualit\u00e0 di Agliana, Montale e Quarrata.","isPartOf":{"@id":"https:\/\/www.noidiqua.it\/Montale\/#website"},"datePublished":"2022-04-11T10:32:37+00:00","dateModified":"2022-04-11T10:34:33+00:00","breadcrumb":{"@id":"https:\/\/www.noidiqua.it\/Montale\/montale-2\/il-diritto-di-tutti\/#breadcrumb"},"inLanguage":"it-IT","potentialAction":[{"@type":"ReadAction","target":["https:\/\/www.noidiqua.it\/Montale\/montale-2\/il-diritto-di-tutti\/"]}]},{"@type":"BreadcrumbList","@id":"https:\/\/www.noidiqua.it\/Montale\/montale-2\/il-diritto-di-tutti\/#breadcrumb","itemListElement":[{"@type":"ListItem","position":1,"name":"Home","item":"https:\/\/www.noidiqua.it\/Montale\/"},{"@type":"ListItem","position":2,"name":"Montale","item":"https:\/\/www.noidiqua.it\/Montale\/montale-2\/"},{"@type":"ListItem","position":3,"name":"il Diritto di tutti"}]},{"@type":"WebSite","@id":"https:\/\/www.noidiqua.it\/Montale\/#website","url":"https:\/\/www.noidiqua.it\/Montale\/","name":"Noi di Qua Testata giornalistica e di attualit\u00e0 di Agliana, Montale e Quarrata.","description":"Testata Giornalistica Quarrata Montale Agliana","potentialAction":[{"@type":"SearchAction","target":{"@type":"EntryPoint","urlTemplate":"https:\/\/www.noidiqua.it\/Montale\/?s={search_term_string}"},"query-input":{"@type":"PropertyValueSpecification","valueRequired":true,"valueName":"search_term_string"}}],"inLanguage":"it-IT"}]}},"_links":{"self":[{"href":"https:\/\/www.noidiqua.it\/Montale\/wp-json\/wp\/v2\/pages\/6765","targetHints":{"allow":["GET"]}}],"collection":[{"href":"https:\/\/www.noidiqua.it\/Montale\/wp-json\/wp\/v2\/pages"}],"about":[{"href":"https:\/\/www.noidiqua.it\/Montale\/wp-json\/wp\/v2\/types\/page"}],"author":[{"embeddable":true,"href":"https:\/\/www.noidiqua.it\/Montale\/wp-json\/wp\/v2\/users\/1"}],"replies":[{"embeddable":true,"href":"https:\/\/www.noidiqua.it\/Montale\/wp-json\/wp\/v2\/comments?post=6765"}],"version-history":[{"count":3,"href":"https:\/\/www.noidiqua.it\/Montale\/wp-json\/wp\/v2\/pages\/6765\/revisions"}],"predecessor-version":[{"id":6769,"href":"https:\/\/www.noidiqua.it\/Montale\/wp-json\/wp\/v2\/pages\/6765\/revisions\/6769"}],"up":[{"embeddable":true,"href":"https:\/\/www.noidiqua.it\/Montale\/wp-json\/wp\/v2\/pages\/12"}],"wp:attachment":[{"href":"https:\/\/www.noidiqua.it\/Montale\/wp-json\/wp\/v2\/media?parent=6765"}],"curies":[{"name":"wp","href":"https:\/\/api.w.org\/{rel}","templated":true}]}}