{"id":8908,"date":"2025-01-14T13:11:57","date_gmt":"2025-01-14T12:11:57","guid":{"rendered":"https:\/\/www.noidiqua.it\/Montale\/?page_id=8908"},"modified":"2025-01-14T13:11:57","modified_gmt":"2025-01-14T12:11:57","slug":"guardiamoci-dentro","status":"publish","type":"page","link":"https:\/\/www.noidiqua.it\/Montale\/montale-2\/guardiamoci-dentro\/","title":{"rendered":"Guardiamoci dentro"},"content":{"rendered":"<div class=\"widget widget_latest_posts\"><h3 class=\"widgettitle\">Guardiamoci dentro<\/h3>\t\t    <div class=\"latest_posts\">\n\t\t\t<ul class=\"small-thumb\">\n\t\t\t\t<li>\n<div class=\"small-custom-frame-wrapper alignleft frame-shadow\"><div class=\"custom-frame-inner-wrapper\"><div class=\"custom-frame-padding\"><a href=\"https:\/\/www.noidiqua.it\/Montale\/lintelligenza-artificiale-in-chirurgia-sostituira-il-medico\/\" title=\"L&#8217;intelligenza artificiale  in chirurgia sostituir\u00e0 il medico?\"><img loading=\"lazy\" decoding=\"async\" src=\"https:\/\/www.noidiqua.it\/Montale\/wp-content\/uploads\/2026\/04\/Guardiamoci-dentro-160x120_c.png\" width=\"160\" height=\"120\" alt=\"L&#039;intelligenza artificiale  in chirurgia sostituir\u00e0 il medico?\" \/><\/a><\/div><\/div><\/div>\t\t\t\t    <a class=\"teaser-title\" title=\"L&#8217;intelligenza artificiale  in chirurgia sostituir\u00e0 il medico?\" href=\"https:\/\/www.noidiqua.it\/Montale\/lintelligenza-artificiale-in-chirurgia-sostituira-il-medico\/\">L&#8217;intelligenza artificiale  in chirurgia sostituir\u00e0 il medico?<\/a>\n\t\t\t\t    <div class=\"teaser-content\">di Sandro Giannessi marzo 2026 L\u2019intelligenza artificiale (IA) sta trasformando la chirurgia in tre aree principali: pianificazione pre-operatoria dell\u2019intervento, supporto intra-operatorio e gestione post-operatoria. Pianificazione pre-operatoria Cosa succede oggi Analisi automatizzata di TAC e RMN con segmentazione di tumori e strutture vascolari. Ricostruzioni 3D per simulare l\u2019intervento. Algoritmi predittivi per stimare rischio di complicanze....<\/div>\n                                            <a title=\"L&#8217;intelligenza artificiale  in chirurgia sostituir\u00e0 il medico?\" href=\"https:\/\/www.noidiqua.it\/Montale\/lintelligenza-artificiale-in-chirurgia-sostituira-il-medico\/\" class=\"read-more-align-right\"><span>Leggi tutto<\/span> &rarr;<\/a>\n\t\t\t\t    <div class=\"clear\"><\/div>\n\t\t\t\t<\/li>\n\t\t\t\t<li>\n<div class=\"small-custom-frame-wrapper alignleft frame-shadow\"><div class=\"custom-frame-inner-wrapper\"><div class=\"custom-frame-padding\"><a href=\"https:\/\/www.noidiqua.it\/Montale\/la-laparoscopia-e-una-chirurgia-dolce\/\" title=\"La laparoscopia \u00e8 una \u201cchirurgia dolce\u201d?\"><img loading=\"lazy\" decoding=\"async\" src=\"https:\/\/www.noidiqua.it\/Montale\/wp-content\/uploads\/2025\/12\/laparoscopia-160x120_c.png\" width=\"160\" height=\"120\" alt=\"La laparoscopia \u00e8 una \u201cchirurgia dolce\u201d?\" \/><\/a><\/div><\/div><\/div>\t\t\t\t    <a class=\"teaser-title\" title=\"La laparoscopia \u00e8 una \u201cchirurgia dolce\u201d?\" href=\"https:\/\/www.noidiqua.it\/Montale\/la-laparoscopia-e-una-chirurgia-dolce\/\">La laparoscopia \u00e8 una \u201cchirurgia dolce\u201d?<\/a>\n\t\t\t\t    <div class=\"teaser-content\">di Sandro Giannessi dicembre 2025 La chirurgia mininvasiva laparoscopica \u00e8 una tecnica chirurgica che permette di eseguire interventi attraverso piccole incisioni (generalmente 5 o 12 mm) utilizzando strumenti sottili e una telecamera inserita nell\u2019addome.\u00a0\u00c8 oggi uno degli standard in molte specialit\u00e0 chirurgiche. Rapidamente si dimostra che la mininvasivit\u00e0 porta meno dolore, degenze pi\u00f9 brevi...<\/div>\n                                            <a title=\"La laparoscopia \u00e8 una \u201cchirurgia dolce\u201d?\" href=\"https:\/\/www.noidiqua.it\/Montale\/la-laparoscopia-e-una-chirurgia-dolce\/\" class=\"read-more-align-right\"><span>Leggi tutto<\/span> &rarr;<\/a>\n\t\t\t\t    <div class=\"clear\"><\/div>\n\t\t\t\t<\/li>\n\t\t\t\t<li>\n<div class=\"small-custom-frame-wrapper alignleft frame-shadow\"><div class=\"custom-frame-inner-wrapper\"><div class=\"custom-frame-padding\"><a href=\"https:\/\/www.noidiqua.it\/Montale\/protocollo-eras-un-aiuto-concreto\/\" title=\"Protocollo ERAS: un aiuto concreto\"><img loading=\"lazy\" decoding=\"async\" src=\"https:\/\/www.noidiqua.it\/Montale\/wp-content\/uploads\/2025\/10\/Guardiamoci-dentro-ERAS-160x120_c.png\" width=\"160\" height=\"120\" alt=\"Protocollo ERAS: un aiuto concreto\" \/><\/a><\/div><\/div><\/div>\t\t\t\t    <a class=\"teaser-title\" title=\"Protocollo ERAS: un aiuto concreto\" href=\"https:\/\/www.noidiqua.it\/Montale\/protocollo-eras-un-aiuto-concreto\/\">Protocollo ERAS: un aiuto concreto<\/a>\n\t\t\t\t    <div class=\"teaser-content\">di Sandro Giannessi settembre 2025 Il protocollo ERAS (Enhanced Recovery After Surgery) \u00e8 un insieme di pratiche basate su evidenze scientifiche, che mirano a migliorare lo stato pre-operatorio del paziente e il recupero post-operatorio per ridurre le complicanze e accorciare la degenza ospedaliera. Si tratta di un protocollo multidisciplinare e multimodale sviluppato inizialmente per...<\/div>\n                                            <a title=\"Protocollo ERAS: un aiuto concreto\" href=\"https:\/\/www.noidiqua.it\/Montale\/protocollo-eras-un-aiuto-concreto\/\" class=\"read-more-align-right\"><span>Leggi tutto<\/span> &rarr;<\/a>\n\t\t\t\t    <div class=\"clear\"><\/div>\n\t\t\t\t<\/li>\n\t\t\t\t<li>\n<div class=\"small-custom-frame-wrapper alignleft frame-shadow\"><div class=\"custom-frame-inner-wrapper\"><div class=\"custom-frame-padding\"><a href=\"https:\/\/www.noidiqua.it\/Montale\/sindrome-diarroica-meglio-non-sottovalutarla\/\" title=\"Sindrome diarroica: meglio non sottovalutarla!\"><img loading=\"lazy\" decoding=\"async\" src=\"https:\/\/www.noidiqua.it\/Montale\/wp-content\/uploads\/2025\/07\/guardiamoci-dentro-160x120_c.png\" width=\"160\" height=\"120\" alt=\"Sindrome diarroica: meglio non sottovalutarla!\" \/><\/a><\/div><\/div><\/div>\t\t\t\t    <a class=\"teaser-title\" title=\"Sindrome diarroica: meglio non sottovalutarla!\" href=\"https:\/\/www.noidiqua.it\/Montale\/sindrome-diarroica-meglio-non-sottovalutarla\/\">Sindrome diarroica: meglio non sottovalutarla!<\/a>\n\t\t\t\t    <div class=\"teaser-content\">di Sandro Giannessi giugno 2025 La sindrome diarroica \u00e8 una condizione caratterizzata da un aumento della frequenza, del volume o della fluidit\u00e0 delle evacuazioni intestinali. Pu\u00f2 essere un disturbo acuto e autolimitante oppure una condizione cronica, con implicazioni importanti per la salute del singolo paziente ma anche della salute pubblica, soprattutto nei paesi in...<\/div>\n                                            <a title=\"Sindrome diarroica: meglio non sottovalutarla!\" href=\"https:\/\/www.noidiqua.it\/Montale\/sindrome-diarroica-meglio-non-sottovalutarla\/\" class=\"read-more-align-right\"><span>Leggi tutto<\/span> &rarr;<\/a>\n\t\t\t\t    <div class=\"clear\"><\/div>\n\t\t\t\t<\/li>\n\t\t\t\t<li>\n<div class=\"small-custom-frame-wrapper alignleft frame-shadow\"><div class=\"custom-frame-inner-wrapper\"><div class=\"custom-frame-padding\"><a href=\"https:\/\/www.noidiqua.it\/Montale\/gastrite-e-ulcera-di-cosa-parliamo\/\" title=\"Gastrite e ulcera: di cosa parliamo?\"><img loading=\"lazy\" decoding=\"async\" src=\"https:\/\/www.noidiqua.it\/Montale\/wp-content\/uploads\/2025\/04\/guardiamoci-dentro-160x120_c.png\" width=\"160\" height=\"120\" alt=\"Gastrite e ulcera: di cosa parliamo?\" \/><\/a><\/div><\/div><\/div>\t\t\t\t    <a class=\"teaser-title\" title=\"Gastrite e ulcera: di cosa parliamo?\" href=\"https:\/\/www.noidiqua.it\/Montale\/gastrite-e-ulcera-di-cosa-parliamo\/\">Gastrite e ulcera: di cosa parliamo?<\/a>\n\t\t\t\t    <div class=\"teaser-content\">di Sandro Giannessi marzo 2025 Il mal di stomaco \u00e8 un disturbo molto comune, ma quando diventa persistente potrebbe essere segno di problemi pi\u00f9 seri, come la gastrite o l\u2019ulcera gastrica. Sapere di cosa si tratta, quali sono i sintomi e come prevenirli pu\u00f2 aiutare a migliorare la qualit\u00e0 della vita e a evitare...<\/div>\n                                            <a title=\"Gastrite e ulcera: di cosa parliamo?\" href=\"https:\/\/www.noidiqua.it\/Montale\/gastrite-e-ulcera-di-cosa-parliamo\/\" class=\"read-more-align-right\"><span>Leggi tutto<\/span> &rarr;<\/a>\n\t\t\t\t    <div class=\"clear\"><\/div>\n\t\t\t\t<\/li>\n\t\t\t\t<li>\n<div class=\"small-custom-frame-wrapper alignleft frame-shadow\"><div class=\"custom-frame-inner-wrapper\"><div class=\"custom-frame-padding\"><a href=\"https:\/\/www.noidiqua.it\/Montale\/noduli-alla-tiroide-cosa-fare\/\" title=\"Noduli alla tiroide: cosa fare?\"><img loading=\"lazy\" decoding=\"async\" src=\"https:\/\/www.noidiqua.it\/Montale\/wp-content\/uploads\/2024\/12\/tiroide-160x120_c.png\" width=\"160\" height=\"120\" alt=\"Noduli alla tiroide: cosa fare?\" \/><\/a><\/div><\/div><\/div>\t\t\t\t    <a class=\"teaser-title\" title=\"Noduli alla tiroide: cosa fare?\" href=\"https:\/\/www.noidiqua.it\/Montale\/noduli-alla-tiroide-cosa-fare\/\">Noduli alla tiroide: cosa fare?<\/a>\n\t\t\t\t    <div class=\"teaser-content\">di Sandro Giannessi dicembre 2024 I\u00a0noduli alla tiroide\u00a0sono piccole formazioni benigne che si sviluppano all\u2019interno della tiroide, una ghiandola endocrina situata nel collo, deputata alla produzione di ormoni essenziali per il metabolismo.\u00a0I noduli tiroidei sono pi\u00f9 comuni nella\u00a0popolazione femminile\u00a0e in genere la loro scoperta avviene per caso. Quando preoccuparsi? Bench\u00e9 siano molto frequenti (il...<\/div>\n                                            <a title=\"Noduli alla tiroide: cosa fare?\" href=\"https:\/\/www.noidiqua.it\/Montale\/noduli-alla-tiroide-cosa-fare\/\" class=\"read-more-align-right\"><span>Leggi tutto<\/span> &rarr;<\/a>\n\t\t\t\t    <div class=\"clear\"><\/div>\n\t\t\t\t<\/li>\n\t\t\t\t<li>\n<div class=\"small-custom-frame-wrapper alignleft frame-shadow\"><div class=\"custom-frame-inner-wrapper\"><div class=\"custom-frame-padding\"><a href=\"https:\/\/www.noidiqua.it\/Montale\/le-emorroidi-sono-sempre-una-malattia\/\" title=\"Le emorroidi sono sempre una malattia?\"><img loading=\"lazy\" decoding=\"async\" src=\"https:\/\/www.noidiqua.it\/Montale\/wp-content\/uploads\/2024\/10\/guardiamoci-dentro-160x120_c.png\" width=\"160\" height=\"120\" alt=\"Le emorroidi sono sempre una malattia?\" \/><\/a><\/div><\/div><\/div>\t\t\t\t    <a class=\"teaser-title\" title=\"Le emorroidi sono sempre una malattia?\" href=\"https:\/\/www.noidiqua.it\/Montale\/le-emorroidi-sono-sempre-una-malattia\/\">Le emorroidi sono sempre una malattia?<\/a>\n\t\t\t\t    <div class=\"teaser-content\">di Sandro Giannessi settembre 2024 Le\u00a0emorroidi\u00a0sono\u00a0cuscinetti venosi del canale anale, importanti per la continenza fecale. Si dividono in\u00a0interne (nel canale anale) ed\u00a0esterne (in prossimit\u00e0 della cute). In condizioni normali la loro presenza non viene avvertita. La\u00a0patologia emorroidaria\u00a0consiste nella congestione delle vene emorroidarie con prolasso della mucosa ano-rettale (prolasso mucoemorroidario).\u00a0 Sintomi La sintomatologia pu\u00f2 essere...<\/div>\n                                            <a title=\"Le emorroidi sono sempre una malattia?\" href=\"https:\/\/www.noidiqua.it\/Montale\/le-emorroidi-sono-sempre-una-malattia\/\" class=\"read-more-align-right\"><span>Leggi tutto<\/span> &rarr;<\/a>\n\t\t\t\t    <div class=\"clear\"><\/div>\n\t\t\t\t<\/li>\n\t\t\t\t<li>\n<div class=\"small-custom-frame-wrapper alignleft frame-shadow\"><div class=\"custom-frame-inner-wrapper\"><div class=\"custom-frame-padding\"><a href=\"https:\/\/www.noidiqua.it\/Montale\/limportanza-dello-screening-del-colon-retto\/\" title=\"L&#8217;importanza dello screening del colon-retto\"><img loading=\"lazy\" decoding=\"async\" src=\"https:\/\/www.noidiqua.it\/Montale\/wp-content\/uploads\/2024\/07\/guardiamoci-dentro-160x120_c.png\" width=\"160\" height=\"120\" alt=\"L&#039;importanza dello screening del colon-retto\" \/><\/a><\/div><\/div><\/div>\t\t\t\t    <a class=\"teaser-title\" title=\"L&#8217;importanza dello screening del colon-retto\" href=\"https:\/\/www.noidiqua.it\/Montale\/limportanza-dello-screening-del-colon-retto\/\">L&#8217;importanza dello screening del colon-retto<\/a>\n\t\t\t\t    <div class=\"teaser-content\">di Sandro Giannessi giugno 2024 In collaborazione col dottor Mario Lombardi, Direttore Gastroenterologia Ospedale San Jacopo Il cancro del colon-retto \u00e8 il tumore pi\u00f9 diffuso in Italia. Considerando separatamente i due sessi, \u00e8 il secondo pi\u00f9 comune nelle donne e il terzo negli uomini. Ha origine quasi sempre da\u00a0polipi, tumori benigni dovuti al proliferare...<\/div>\n                                            <a title=\"L&#8217;importanza dello screening del colon-retto\" href=\"https:\/\/www.noidiqua.it\/Montale\/limportanza-dello-screening-del-colon-retto\/\" class=\"read-more-align-right\"><span>Leggi tutto<\/span> &rarr;<\/a>\n\t\t\t\t    <div class=\"clear\"><\/div>\n\t\t\t\t<\/li>\n\t\t\t\t<li>\n<div class=\"small-custom-frame-wrapper alignleft frame-shadow\"><div class=\"custom-frame-inner-wrapper\"><div class=\"custom-frame-padding\"><a href=\"https:\/\/www.noidiqua.it\/Montale\/reflusso-questo-sconosciuto\/\" title=\"Reflusso, questo sconosciuto\"><img loading=\"lazy\" decoding=\"async\" src=\"https:\/\/www.noidiqua.it\/Montale\/wp-content\/uploads\/2024\/04\/bruciore_-160x120_c.png\" width=\"160\" height=\"120\" alt=\"Reflusso, questo sconosciuto\" \/><\/a><\/div><\/div><\/div>\t\t\t\t    <a class=\"teaser-title\" title=\"Reflusso, questo sconosciuto\" href=\"https:\/\/www.noidiqua.it\/Montale\/reflusso-questo-sconosciuto\/\">Reflusso, questo sconosciuto<\/a>\n\t\t\t\t    <div class=\"teaser-content\">di Sandro Giannessi marzo 2024 La\u00a0malattia da\u00a0reflusso gastroesofageo\u00a0\u00e8 caratterizzata\u00a0dalla\u00a0risalita in esofago di contenuto acido dallo stomaco, per la ridotta funzione della \u201cvalvola\u201d tra esofago e stomaco, detta sfintere esofageo inferiore. Solitamente \u00e8 associata alla presenza di Ernia Iatale. Sintomi I sintomi \u201ctipici\u201d sono: la\u00a0pirosi, cio\u00e8 un bruciore localizzato dietro lo sterno che pu\u00f2 irradiarsi...<\/div>\n                                            <a title=\"Reflusso, questo sconosciuto\" href=\"https:\/\/www.noidiqua.it\/Montale\/reflusso-questo-sconosciuto\/\" class=\"read-more-align-right\"><span>Leggi tutto<\/span> &rarr;<\/a>\n\t\t\t\t    <div class=\"clear\"><\/div>\n\t\t\t\t<\/li>\n\t\t\t\t<li>\n<div class=\"small-custom-frame-wrapper alignleft frame-shadow\"><div class=\"custom-frame-inner-wrapper\"><div class=\"custom-frame-padding\"><a href=\"https:\/\/www.noidiqua.it\/Montale\/ernia-perche-non-sottovalutarla\/\" title=\"Ernia: perch\u00e9 non sottovalutarla\"><img loading=\"lazy\" decoding=\"async\" src=\"https:\/\/www.noidiqua.it\/Montale\/wp-content\/uploads\/2023\/12\/ernia-160x120_c.png\" width=\"160\" height=\"120\" alt=\"Ernia: perch\u00e9 non sottovalutarla\" \/><\/a><\/div><\/div><\/div>\t\t\t\t    <a class=\"teaser-title\" title=\"Ernia: perch\u00e9 non sottovalutarla\" href=\"https:\/\/www.noidiqua.it\/Montale\/ernia-perche-non-sottovalutarla\/\">Ernia: perch\u00e9 non sottovalutarla<\/a>\n\t\t\t\t    <div class=\"teaser-content\">di Sandro Giannessi dicembre 2023 Cos\u2019\u00e8 un\u2019ernia? L\u2019ernia \u00e8 una malattia che affligge molte persone. \u00c9 dovuta al cedimento di una porzione della parete addominale che ha, tra le altre, la funzione di contenere alcuni organi tra cui stomaco ed intestino. Gradualmente si sviluppa una protuberanza, una specie di sacchetto, esterno all\u2019addome, in cui...<\/div>\n                                            <a title=\"Ernia: perch\u00e9 non sottovalutarla\" href=\"https:\/\/www.noidiqua.it\/Montale\/ernia-perche-non-sottovalutarla\/\" class=\"read-more-align-right\"><span>Leggi tutto<\/span> &rarr;<\/a>\n\t\t\t\t    <div class=\"clear\"><\/div>\n\t\t\t\t<\/li>\n\t\t\t<\/ul>\n\t\t    <\/div><!-- end widget_recent_posts -->\n<\/div>\n<a class=\"flat-custom-button align-btn-left\" href=\"https:\/\/www.noidiqua.it\/Montale\/category\/mt\/guardiamoci-dentro\/\" title=\"Mostra tutti gli articoli di questa sezione\"><span style=\"padding:10px 20px; background-color:#ed162d; border:1px solid #ed162d; color:#FFFFFF; font-size:14px;\">Mostra tutti gli articoli precedenti<\/span><\/a>","protected":false},"excerpt":{"rendered":"","protected":false},"author":1,"featured_media":0,"parent":12,"menu_order":0,"comment_status":"open","ping_status":"open","template":"","meta":{"footnotes":""},"class_list":["post-8908","page","type-page","status-publish","hentry"],"yoast_head":"<!-- This site is optimized with the Yoast SEO plugin v25.5 - https:\/\/yoast.com\/wordpress\/plugins\/seo\/ -->\n<title>Guardiamoci dentro - Noi di Qua Testata giornalistica e di attualit\u00e0 di Agliana, Montale e Quarrata.<\/title>\n<meta name=\"robots\" content=\"index, follow, max-snippet:-1, max-image-preview:large, max-video-preview:-1\" \/>\n<link rel=\"canonical\" href=\"https:\/\/www.noidiqua.it\/Montale\/montale-2\/guardiamoci-dentro\/\" \/>\n<meta property=\"og:locale\" content=\"it_IT\" \/>\n<meta property=\"og:type\" content=\"article\" \/>\n<meta property=\"og:title\" content=\"Guardiamoci dentro - Noi di Qua Testata giornalistica e di attualit\u00e0 di Agliana, Montale e Quarrata.\" \/>\n<meta property=\"og:url\" content=\"https:\/\/www.noidiqua.it\/Montale\/montale-2\/guardiamoci-dentro\/\" \/>\n<meta property=\"og:site_name\" content=\"Noi di Qua Testata giornalistica e di attualit\u00e0 di Agliana, Montale e Quarrata.\" \/>\n<meta property=\"article:publisher\" content=\"https:\/\/www.facebook.com\/noidiqua.trimestrale\/\" \/>\n<meta property=\"og:image\" content=\"https:\/\/www.noidiqua.it\/Montale\/wp-content\/uploads\/2019\/03\/logo-sito.jpg\" \/>\n<script type=\"application\/ld+json\" class=\"yoast-schema-graph\">{\"@context\":\"https:\/\/schema.org\",\"@graph\":[{\"@type\":\"WebPage\",\"@id\":\"https:\/\/www.noidiqua.it\/Montale\/montale-2\/guardiamoci-dentro\/\",\"url\":\"https:\/\/www.noidiqua.it\/Montale\/montale-2\/guardiamoci-dentro\/\",\"name\":\"Guardiamoci dentro - Noi di Qua Testata giornalistica e di attualit\u00e0 di Agliana, Montale e Quarrata.\",\"isPartOf\":{\"@id\":\"https:\/\/www.noidiqua.it\/Montale\/#website\"},\"datePublished\":\"2025-01-14T12:11:57+00:00\",\"breadcrumb\":{\"@id\":\"https:\/\/www.noidiqua.it\/Montale\/montale-2\/guardiamoci-dentro\/#breadcrumb\"},\"inLanguage\":\"it-IT\",\"potentialAction\":[{\"@type\":\"ReadAction\",\"target\":[\"https:\/\/www.noidiqua.it\/Montale\/montale-2\/guardiamoci-dentro\/\"]}]},{\"@type\":\"BreadcrumbList\",\"@id\":\"https:\/\/www.noidiqua.it\/Montale\/montale-2\/guardiamoci-dentro\/#breadcrumb\",\"itemListElement\":[{\"@type\":\"ListItem\",\"position\":1,\"name\":\"Home\",\"item\":\"https:\/\/www.noidiqua.it\/Montale\/\"},{\"@type\":\"ListItem\",\"position\":2,\"name\":\"Montale\",\"item\":\"https:\/\/www.noidiqua.it\/Montale\/montale-2\/\"},{\"@type\":\"ListItem\",\"position\":3,\"name\":\"Guardiamoci dentro\"}]},{\"@type\":\"WebSite\",\"@id\":\"https:\/\/www.noidiqua.it\/Montale\/#website\",\"url\":\"https:\/\/www.noidiqua.it\/Montale\/\",\"name\":\"Noi di Qua Testata giornalistica e di attualit\u00e0 di Agliana, Montale e Quarrata.\",\"description\":\"Testata Giornalistica Quarrata Montale Agliana\",\"potentialAction\":[{\"@type\":\"SearchAction\",\"target\":{\"@type\":\"EntryPoint\",\"urlTemplate\":\"https:\/\/www.noidiqua.it\/Montale\/?s={search_term_string}\"},\"query-input\":{\"@type\":\"PropertyValueSpecification\",\"valueRequired\":true,\"valueName\":\"search_term_string\"}}],\"inLanguage\":\"it-IT\"}]}<\/script>\n<!-- \/ Yoast SEO plugin. -->","yoast_head_json":{"title":"Guardiamoci dentro - Noi di Qua Testata giornalistica e di attualit\u00e0 di Agliana, Montale e Quarrata.","robots":{"index":"index","follow":"follow","max-snippet":"max-snippet:-1","max-image-preview":"max-image-preview:large","max-video-preview":"max-video-preview:-1"},"canonical":"https:\/\/www.noidiqua.it\/Montale\/montale-2\/guardiamoci-dentro\/","og_locale":"it_IT","og_type":"article","og_title":"Guardiamoci dentro - Noi di Qua Testata giornalistica e di attualit\u00e0 di Agliana, Montale e Quarrata.","og_url":"https:\/\/www.noidiqua.it\/Montale\/montale-2\/guardiamoci-dentro\/","og_site_name":"Noi di Qua Testata giornalistica e di attualit\u00e0 di Agliana, Montale e Quarrata.","article_publisher":"https:\/\/www.facebook.com\/noidiqua.trimestrale\/","og_image":[{"url":"https:\/\/www.noidiqua.it\/Montale\/wp-content\/uploads\/2019\/03\/logo-sito.jpg","type":"","width":"","height":""}],"schema":{"@context":"https:\/\/schema.org","@graph":[{"@type":"WebPage","@id":"https:\/\/www.noidiqua.it\/Montale\/montale-2\/guardiamoci-dentro\/","url":"https:\/\/www.noidiqua.it\/Montale\/montale-2\/guardiamoci-dentro\/","name":"Guardiamoci dentro - Noi di Qua Testata giornalistica e di attualit\u00e0 di Agliana, Montale e Quarrata.","isPartOf":{"@id":"https:\/\/www.noidiqua.it\/Montale\/#website"},"datePublished":"2025-01-14T12:11:57+00:00","breadcrumb":{"@id":"https:\/\/www.noidiqua.it\/Montale\/montale-2\/guardiamoci-dentro\/#breadcrumb"},"inLanguage":"it-IT","potentialAction":[{"@type":"ReadAction","target":["https:\/\/www.noidiqua.it\/Montale\/montale-2\/guardiamoci-dentro\/"]}]},{"@type":"BreadcrumbList","@id":"https:\/\/www.noidiqua.it\/Montale\/montale-2\/guardiamoci-dentro\/#breadcrumb","itemListElement":[{"@type":"ListItem","position":1,"name":"Home","item":"https:\/\/www.noidiqua.it\/Montale\/"},{"@type":"ListItem","position":2,"name":"Montale","item":"https:\/\/www.noidiqua.it\/Montale\/montale-2\/"},{"@type":"ListItem","position":3,"name":"Guardiamoci dentro"}]},{"@type":"WebSite","@id":"https:\/\/www.noidiqua.it\/Montale\/#website","url":"https:\/\/www.noidiqua.it\/Montale\/","name":"Noi di Qua Testata giornalistica e di attualit\u00e0 di Agliana, Montale e Quarrata.","description":"Testata Giornalistica Quarrata Montale Agliana","potentialAction":[{"@type":"SearchAction","target":{"@type":"EntryPoint","urlTemplate":"https:\/\/www.noidiqua.it\/Montale\/?s={search_term_string}"},"query-input":{"@type":"PropertyValueSpecification","valueRequired":true,"valueName":"search_term_string"}}],"inLanguage":"it-IT"}]}},"_links":{"self":[{"href":"https:\/\/www.noidiqua.it\/Montale\/wp-json\/wp\/v2\/pages\/8908","targetHints":{"allow":["GET"]}}],"collection":[{"href":"https:\/\/www.noidiqua.it\/Montale\/wp-json\/wp\/v2\/pages"}],"about":[{"href":"https:\/\/www.noidiqua.it\/Montale\/wp-json\/wp\/v2\/types\/page"}],"author":[{"embeddable":true,"href":"https:\/\/www.noidiqua.it\/Montale\/wp-json\/wp\/v2\/users\/1"}],"replies":[{"embeddable":true,"href":"https:\/\/www.noidiqua.it\/Montale\/wp-json\/wp\/v2\/comments?post=8908"}],"version-history":[{"count":1,"href":"https:\/\/www.noidiqua.it\/Montale\/wp-json\/wp\/v2\/pages\/8908\/revisions"}],"predecessor-version":[{"id":8909,"href":"https:\/\/www.noidiqua.it\/Montale\/wp-json\/wp\/v2\/pages\/8908\/revisions\/8909"}],"up":[{"embeddable":true,"href":"https:\/\/www.noidiqua.it\/Montale\/wp-json\/wp\/v2\/pages\/12"}],"wp:attachment":[{"href":"https:\/\/www.noidiqua.it\/Montale\/wp-json\/wp\/v2\/media?parent=8908"}],"curies":[{"name":"wp","href":"https:\/\/api.w.org\/{rel}","templated":true}]}}